{"id":12,"date":"2023-03-13T20:00:16","date_gmt":"2023-03-13T19:00:16","guid":{"rendered":"https:\/\/2023.public-vision.tv\/?page_id=12"},"modified":"2026-03-27T16:13:44","modified_gmt":"2026-03-27T15:13:44","slug":"ueber-uns","status":"publish","type":"page","link":"https:\/\/public-vision.tv\/en\/ueber-uns\/","title":{"rendered":"About us"},"content":{"rendered":"<div class=\"wp-block-cover alignfull is-light\" style=\"padding-top:var(--wp--preset--spacing--80);padding-right:var(--wp--preset--spacing--80);padding-bottom:var(--wp--preset--spacing--80);padding-left:var(--wp--preset--spacing--80);min-height:100vh;aspect-ratio:unset;\"><img loading=\"lazy\" decoding=\"async\" width=\"2560\" height=\"1707\" sizes=\"auto, (max-width: 799px) 200vw, (max-width: 2560px) 100vw, 2560px\" class=\"wp-block-cover__image-background wp-image-3225\" alt=\"\" src=\"https:\/\/public-vision.tv\/wp-content\/uploads\/2023\/08\/x-P1043655-ueber-uns.jpg\" data-object-fit=\"cover\" srcset=\"https:\/\/public-vision.tv\/wp-content\/uploads\/2023\/08\/x-P1043655-ueber-uns.jpg 2560w, https:\/\/public-vision.tv\/wp-content\/uploads\/2023\/08\/x-P1043655-ueber-uns-300x200.jpg 300w, https:\/\/public-vision.tv\/wp-content\/uploads\/2023\/08\/x-P1043655-ueber-uns-1024x683.jpg 1024w, https:\/\/public-vision.tv\/wp-content\/uploads\/2023\/08\/x-P1043655-ueber-uns-768x512.jpg 768w, https:\/\/public-vision.tv\/wp-content\/uploads\/2023\/08\/x-P1043655-ueber-uns-1536x1024.jpg 1536w, https:\/\/public-vision.tv\/wp-content\/uploads\/2023\/08\/x-P1043655-ueber-uns-2048x1366.jpg 2048w, https:\/\/public-vision.tv\/wp-content\/uploads\/2023\/08\/x-P1043655-ueber-uns-18x12.jpg 18w\" \/><span aria-hidden=\"true\" class=\"wp-block-cover__background has-background-dim-40 has-background-dim\" style=\"background-color:#000000\"><\/span><div class=\"wp-block-cover__inner-container is-layout-flow wp-block-cover-is-layout-flow\">\n<h1 class=\"wp-block-heading has-text-align-center alignwide has-white-color has-text-color has-background-color has-system-font-font-family has-x-large-font-size\" style=\"margin-top:var(--wp--preset--spacing--50);margin-right:var(--wp--preset--spacing--50);margin-bottom:var(--wp--preset--spacing--50);margin-left:var(--wp--preset--spacing--50);padding-top:0;padding-right:0;padding-bottom:0;padding-left:0;font-style:normal;font-weight:700;letter-spacing:10px;line-height:1.5\"><mark style=\"background-color:#000000\" class=\"has-inline-color has-background-color\">About us<\/mark><br><\/h1>\n<\/div><\/div>\n\n\n\n<div style=\"height:35px\" aria-hidden=\"true\" class=\"wp-block-spacer\"><\/div>\n\n\n\n<h2 class=\"wp-block-heading alignfull has-text-align-center has-system-font-font-family has-large-font-size\" style=\"margin-top:0;margin-right:0;margin-bottom:0;margin-left:0;padding-top:var(--wp--preset--spacing--40);padding-right:var(--wp--preset--spacing--40);padding-bottom:var(--wp--preset--spacing--40);padding-left:var(--wp--preset--spacing--40);font-style:normal;font-weight:400\">Our team<\/h2>\n\n\n\n<div class=\"wp-block-columns alignwide is-layout-flex wp-container-core-columns-is-layout-d0b3c9c8 wp-block-columns-is-layout-flex\">\n<div class=\"wp-block-column is-layout-flow wp-block-column-is-layout-flow\">\n<figure class=\"wp-block-image aligncenter size-full is-resized\"><img loading=\"lazy\" decoding=\"async\" width=\"900\" height=\"900\" src=\"https:\/\/public-vision.tv\/wp-content\/uploads\/2023\/03\/lars_900x900.jpg\" alt=\"public vision Team Lars\" class=\"wp-image-1547\" style=\"width:225px;height:225px\" srcset=\"https:\/\/public-vision.tv\/wp-content\/uploads\/2023\/03\/lars_900x900.jpg 900w, https:\/\/public-vision.tv\/wp-content\/uploads\/2023\/03\/lars_900x900-300x300.jpg 300w, https:\/\/public-vision.tv\/wp-content\/uploads\/2023\/03\/lars_900x900-150x150.jpg 150w, https:\/\/public-vision.tv\/wp-content\/uploads\/2023\/03\/lars_900x900-768x768.jpg 768w\" sizes=\"auto, (max-width: 900px) 100vw, 900px\" \/><\/figure>\n\n\n\n<h3 class=\"wp-block-heading has-text-align-center has-system-font-font-family\" style=\"font-size:25px;font-style:normal;font-weight:900;line-height:0.5\">Lars Bastian<\/h3>\n\n\n\n<p class=\"has-text-align-center has-text-color has-system-font-font-family has-medium-font-size\" style=\"color:#3459a9;font-style:normal;font-weight:100;letter-spacing:7px;line-height:1;text-transform:uppercase\">OWNER<\/p>\n<\/div>\n\n\n\n<div class=\"wp-block-column is-layout-flow wp-block-column-is-layout-flow\">\n<figure class=\"wp-block-image aligncenter size-full is-resized\"><img loading=\"lazy\" decoding=\"async\" width=\"2557\" height=\"2560\" src=\"https:\/\/public-vision.tv\/wp-content\/uploads\/2025\/09\/nada-kannenberg-pv-tv-1-scaled.jpg\" alt=\"Nada Nadica Kannenberg Projektleitung\" class=\"wp-image-3989\" style=\"width:225px;height:225px\" srcset=\"https:\/\/public-vision.tv\/wp-content\/uploads\/2025\/09\/nada-kannenberg-pv-tv-1-scaled.jpg 2557w, https:\/\/public-vision.tv\/wp-content\/uploads\/2025\/09\/nada-kannenberg-pv-tv-1-300x300.jpg 300w, https:\/\/public-vision.tv\/wp-content\/uploads\/2025\/09\/nada-kannenberg-pv-tv-1-1024x1024.jpg 1024w, https:\/\/public-vision.tv\/wp-content\/uploads\/2025\/09\/nada-kannenberg-pv-tv-1-150x150.jpg 150w, https:\/\/public-vision.tv\/wp-content\/uploads\/2025\/09\/nada-kannenberg-pv-tv-1-768x769.jpg 768w, https:\/\/public-vision.tv\/wp-content\/uploads\/2025\/09\/nada-kannenberg-pv-tv-1-1534x1536.jpg 1534w, https:\/\/public-vision.tv\/wp-content\/uploads\/2025\/09\/nada-kannenberg-pv-tv-1-2046x2048.jpg 2046w, https:\/\/public-vision.tv\/wp-content\/uploads\/2025\/09\/nada-kannenberg-pv-tv-1-12x12.jpg 12w\" sizes=\"auto, (max-width: 2557px) 100vw, 2557px\" \/><\/figure>\n\n\n\n<h3 class=\"wp-block-heading has-text-align-center has-system-font-font-family\" style=\"font-size:25px;font-style:normal;font-weight:900;line-height:0.5\">Nada Kannenberg<\/h3>\n\n\n\n<p class=\"has-text-align-center has-text-color has-system-font-font-family has-medium-font-size\" style=\"color:#3459a9;font-style:normal;font-weight:100;letter-spacing:5px;line-height:1;text-transform:uppercase\">Project management<\/p>\n<\/div>\n\n\n\n<div class=\"wp-block-column is-layout-flow wp-block-column-is-layout-flow\">\n<figure class=\"wp-block-image aligncenter size-full is-resized\"><img loading=\"lazy\" decoding=\"async\" width=\"900\" height=\"900\" src=\"https:\/\/public-vision.tv\/wp-content\/uploads\/2023\/03\/julien_900x900.jpg\" alt=\"public vision Team Julien\" class=\"wp-image-1549\" style=\"width:225px;height:225px\" srcset=\"https:\/\/public-vision.tv\/wp-content\/uploads\/2023\/03\/julien_900x900.jpg 900w, https:\/\/public-vision.tv\/wp-content\/uploads\/2023\/03\/julien_900x900-300x300.jpg 300w, https:\/\/public-vision.tv\/wp-content\/uploads\/2023\/03\/julien_900x900-150x150.jpg 150w, https:\/\/public-vision.tv\/wp-content\/uploads\/2023\/03\/julien_900x900-768x768.jpg 768w\" sizes=\"auto, (max-width: 900px) 100vw, 900px\" \/><\/figure>\n\n\n\n<h3 class=\"wp-block-heading has-text-align-center has-system-font-font-family\" style=\"font-size:25px;font-style:normal;font-weight:900;line-height:0.5\">Julien Prause<\/h3>\n\n\n\n<p class=\"has-text-align-center has-text-color has-system-font-font-family has-medium-font-size\" style=\"color:#3459a9;font-style:normal;font-weight:100;letter-spacing:7px;line-height:1;text-transform:uppercase\">DOP<\/p>\n<\/div>\n<\/div>\n\n\n\n<div class=\"wp-block-columns alignwide is-layout-flex wp-container-core-columns-is-layout-d0b3c9c8 wp-block-columns-is-layout-flex\">\n<div class=\"wp-block-column is-layout-flow wp-block-column-is-layout-flow\">\n<figure class=\"wp-block-image aligncenter size-full is-resized\"><img loading=\"lazy\" decoding=\"async\" width=\"900\" height=\"900\" src=\"https:\/\/public-vision.tv\/wp-content\/uploads\/2023\/03\/lukas_900x900.jpg\" alt=\"public vision Team Lukas\" class=\"wp-image-1550\" style=\"width:225px;height:225px\" srcset=\"https:\/\/public-vision.tv\/wp-content\/uploads\/2023\/03\/lukas_900x900.jpg 900w, https:\/\/public-vision.tv\/wp-content\/uploads\/2023\/03\/lukas_900x900-300x300.jpg 300w, https:\/\/public-vision.tv\/wp-content\/uploads\/2023\/03\/lukas_900x900-150x150.jpg 150w, https:\/\/public-vision.tv\/wp-content\/uploads\/2023\/03\/lukas_900x900-768x768.jpg 768w\" sizes=\"auto, (max-width: 900px) 100vw, 900px\" \/><\/figure>\n\n\n\n<h3 class=\"wp-block-heading has-text-align-center has-system-font-font-family\" style=\"font-size:25px;font-style:normal;font-weight:900;line-height:0.5\">Lukas Herbrand<\/h3>\n\n\n\n<p class=\"has-text-align-center has-text-color has-system-font-font-family has-medium-font-size\" style=\"color:#3459a9;font-style:normal;font-weight:100;letter-spacing:7px;line-height:1;text-transform:uppercase\">DOP \/ VFX<\/p>\n<\/div>\n\n\n\n<div class=\"wp-block-column is-layout-flow wp-block-column-is-layout-flow\">\n<figure class=\"wp-block-image aligncenter size-full is-resized\"><img loading=\"lazy\" decoding=\"async\" width=\"900\" height=\"900\" src=\"https:\/\/public-vision.tv\/wp-content\/uploads\/2023\/03\/andre_2023_900x900px.jpg\" alt=\"public vision Team Andre\" class=\"wp-image-1551\" style=\"width:225px;height:225px\" srcset=\"https:\/\/public-vision.tv\/wp-content\/uploads\/2023\/03\/andre_2023_900x900px.jpg 900w, https:\/\/public-vision.tv\/wp-content\/uploads\/2023\/03\/andre_2023_900x900px-300x300.jpg 300w, https:\/\/public-vision.tv\/wp-content\/uploads\/2023\/03\/andre_2023_900x900px-150x150.jpg 150w, https:\/\/public-vision.tv\/wp-content\/uploads\/2023\/03\/andre_2023_900x900px-768x768.jpg 768w\" sizes=\"auto, (max-width: 900px) 100vw, 900px\" \/><\/figure>\n\n\n\n<h3 class=\"wp-block-heading has-text-align-center has-system-font-font-family\" style=\"font-size:25px;font-style:normal;font-weight:900;line-height:0.5\">Andre Jennrich<\/h3>\n\n\n\n<p class=\"has-text-align-center has-text-color has-system-font-font-family has-medium-font-size\" style=\"color:#3459a9;font-style:normal;font-weight:100;letter-spacing:7px;line-height:1;text-transform:uppercase\">POST \/ LIVESTREAM<\/p>\n<\/div>\n\n\n\n<div class=\"wp-block-column is-layout-flow wp-block-column-is-layout-flow\">\n<figure class=\"wp-block-image aligncenter size-full is-resized\"><img loading=\"lazy\" decoding=\"async\" width=\"900\" height=\"900\" src=\"https:\/\/public-vision.tv\/wp-content\/uploads\/2026\/03\/platzhalter-mitarbeiter_900x900-1.png\" alt=\"\" class=\"wp-image-4200\" style=\"width:225px;height:225px\" srcset=\"https:\/\/public-vision.tv\/wp-content\/uploads\/2026\/03\/platzhalter-mitarbeiter_900x900-1.png 900w, https:\/\/public-vision.tv\/wp-content\/uploads\/2026\/03\/platzhalter-mitarbeiter_900x900-1-300x300.png 300w, https:\/\/public-vision.tv\/wp-content\/uploads\/2026\/03\/platzhalter-mitarbeiter_900x900-1-150x150.png 150w, https:\/\/public-vision.tv\/wp-content\/uploads\/2026\/03\/platzhalter-mitarbeiter_900x900-1-768x768.png 768w, https:\/\/public-vision.tv\/wp-content\/uploads\/2026\/03\/platzhalter-mitarbeiter_900x900-1-12x12.png 12w\" sizes=\"auto, (max-width: 900px) 100vw, 900px\" \/><\/figure>\n\n\n\n<h3 class=\"wp-block-heading has-text-align-center has-system-font-font-family\" style=\"font-size:25px;font-style:normal;font-weight:900;line-height:0.5\">Suzuka Tanaka<\/h3>\n\n\n\n<p class=\"has-text-align-center has-text-color has-system-font-font-family has-medium-font-size\" style=\"color:#3459a9;font-style:normal;font-weight:100;letter-spacing:7px;line-height:1;text-transform:uppercase\">POST<\/p>\n<\/div>\n<\/div>\n\n\n\n<p class=\"has-text-align-center has-text-color has-system-font-font-family has-medium-font-size\" style=\"color:#3459a9;font-style:normal;font-weight:100;letter-spacing:6px;line-height:1;text-transform:uppercase\"><\/p>\n\n\n\n<div class=\"wp-block-columns alignwide is-layout-flex wp-container-core-columns-is-layout-d0b3c9c8 wp-block-columns-is-layout-flex\">\n<div class=\"wp-block-column is-layout-flow wp-block-column-is-layout-flow\">\n<figure class=\"wp-block-image aligncenter size-full is-resized\"><img loading=\"lazy\" decoding=\"async\" width=\"900\" height=\"900\" src=\"https:\/\/public-vision.tv\/wp-content\/uploads\/2026\/03\/platzhalter-mitarbeiter_900x900-1.png\" alt=\"\" class=\"wp-image-4200\" style=\"width:225px;height:225px\" srcset=\"https:\/\/public-vision.tv\/wp-content\/uploads\/2026\/03\/platzhalter-mitarbeiter_900x900-1.png 900w, https:\/\/public-vision.tv\/wp-content\/uploads\/2026\/03\/platzhalter-mitarbeiter_900x900-1-300x300.png 300w, https:\/\/public-vision.tv\/wp-content\/uploads\/2026\/03\/platzhalter-mitarbeiter_900x900-1-150x150.png 150w, https:\/\/public-vision.tv\/wp-content\/uploads\/2026\/03\/platzhalter-mitarbeiter_900x900-1-768x768.png 768w, https:\/\/public-vision.tv\/wp-content\/uploads\/2026\/03\/platzhalter-mitarbeiter_900x900-1-12x12.png 12w\" sizes=\"auto, (max-width: 900px) 100vw, 900px\" \/><\/figure>\n\n\n\n<h3 class=\"wp-block-heading has-text-align-center has-system-font-font-family\" style=\"font-size:25px;font-style:normal;font-weight:900;line-height:0.5\">Finn Hackl\u00e4nder<\/h3>\n\n\n\n<p class=\"has-text-align-center has-text-color has-system-font-font-family has-medium-font-size\" style=\"color:#3459a9;font-style:normal;font-weight:100;letter-spacing:6px;line-height:1;text-transform:uppercase\">Media operator<\/p>\n<\/div>\n\n\n\n<div class=\"wp-block-column is-layout-flow wp-block-column-is-layout-flow\">\n<figure class=\"wp-block-image aligncenter size-full is-resized\"><img loading=\"lazy\" decoding=\"async\" width=\"900\" height=\"900\" src=\"https:\/\/public-vision.tv\/wp-content\/uploads\/2026\/03\/platzhalter-mitarbeiter_900x900-1.png\" alt=\"\" class=\"wp-image-4200\" style=\"width:225px;height:225px\" srcset=\"https:\/\/public-vision.tv\/wp-content\/uploads\/2026\/03\/platzhalter-mitarbeiter_900x900-1.png 900w, https:\/\/public-vision.tv\/wp-content\/uploads\/2026\/03\/platzhalter-mitarbeiter_900x900-1-300x300.png 300w, https:\/\/public-vision.tv\/wp-content\/uploads\/2026\/03\/platzhalter-mitarbeiter_900x900-1-150x150.png 150w, https:\/\/public-vision.tv\/wp-content\/uploads\/2026\/03\/platzhalter-mitarbeiter_900x900-1-768x768.png 768w, https:\/\/public-vision.tv\/wp-content\/uploads\/2026\/03\/platzhalter-mitarbeiter_900x900-1-12x12.png 12w\" sizes=\"auto, (max-width: 900px) 100vw, 900px\" \/><\/figure>\n\n\n\n<h3 class=\"wp-block-heading has-text-align-center has-system-font-font-family\" style=\"font-size:25px;font-style:normal;font-weight:900;line-height:0.5\">Klemens Duffe<\/h3>\n\n\n\n<p class=\"has-text-align-center has-text-color has-system-font-font-family has-medium-font-size\" style=\"color:#3459a9;font-style:normal;font-weight:100;letter-spacing:6px;line-height:1;text-transform:uppercase\">Media operator<\/p>\n<\/div>\n\n\n\n<div class=\"wp-block-column is-layout-flow wp-block-column-is-layout-flow\">\n<figure class=\"wp-block-image aligncenter size-full is-resized\"><img loading=\"lazy\" decoding=\"async\" width=\"900\" height=\"900\" src=\"https:\/\/public-vision.tv\/wp-content\/uploads\/2026\/03\/platzhalter-mitarbeiter_900x900-1.png\" alt=\"\" class=\"wp-image-4200\" style=\"width:225px;height:225px\" srcset=\"https:\/\/public-vision.tv\/wp-content\/uploads\/2026\/03\/platzhalter-mitarbeiter_900x900-1.png 900w, https:\/\/public-vision.tv\/wp-content\/uploads\/2026\/03\/platzhalter-mitarbeiter_900x900-1-300x300.png 300w, https:\/\/public-vision.tv\/wp-content\/uploads\/2026\/03\/platzhalter-mitarbeiter_900x900-1-150x150.png 150w, https:\/\/public-vision.tv\/wp-content\/uploads\/2026\/03\/platzhalter-mitarbeiter_900x900-1-768x768.png 768w, https:\/\/public-vision.tv\/wp-content\/uploads\/2026\/03\/platzhalter-mitarbeiter_900x900-1-12x12.png 12w\" sizes=\"auto, (max-width: 900px) 100vw, 900px\" \/><\/figure>\n\n\n\n<h3 class=\"wp-block-heading has-text-align-center has-system-font-font-family\" style=\"font-size:25px;font-style:normal;font-weight:900;line-height:0.5\">Luca Togrund<\/h3>\n\n\n\n<p class=\"has-text-align-center has-text-color has-system-font-font-family has-medium-font-size\" style=\"color:#3459a9;font-style:normal;font-weight:100;letter-spacing:6px;line-height:1;text-transform:uppercase\">Media operator<\/p>\n<\/div>\n<\/div>","protected":false},"excerpt":{"rendered":"<p>Unser Team Lars Bastian INHABER Nada Kannenberg Projektleitung Julien Prause Kamera Lukas Herbrand Kamera \/ VFX Andre Jennrich Schnitt \/ Livestream Suzuka Tanaka Schnitt Finn Hackl\u00e4nder Mediengestalter Klemens Duffe Mediengestalter Luca Togrund Mediengestalter<\/p>","protected":false},"author":1,"featured_media":0,"parent":0,"menu_order":0,"comment_status":"closed","ping_status":"closed","template":"page-large-header","meta":{"_eb_attr":"","footnotes":""},"class_list":["post-12","page","type-page","status-publish","hentry"],"yoast_head":"<!-- This site is optimized with the Yoast SEO plugin v27.5 - https:\/\/yoast.com\/product\/yoast-seo-wordpress\/ -->\n<title>\u00dcber uns - public vision - Videoproduktion und Filmproduktion aus D\u00fcsseldorf<\/title>\n<meta name=\"description\" content=\"Hier arbeiten erfahrene und qualifizierte Medienmacher. Kamerateams, Cutter und Autoren mit Routine in der Umsetzung Inhalten aller Genres.\" \/>\n<meta name=\"robots\" content=\"index, follow, max-snippet:-1, max-image-preview:large, max-video-preview:-1\" \/>\n<link rel=\"canonical\" href=\"https:\/\/public-vision.tv\/en\/ueber-uns\/\" \/>\n<meta property=\"og:locale\" content=\"en_US\" \/>\n<meta property=\"og:type\" content=\"article\" \/>\n<meta property=\"og:title\" content=\"\u00dcber uns - public vision - Videoproduktion und Filmproduktion aus D\u00fcsseldorf\" \/>\n<meta property=\"og:description\" content=\"Hier arbeiten erfahrene und qualifizierte Medienmacher. Kamerateams, Cutter und Autoren mit Routine in der Umsetzung Inhalten aller Genres.\" \/>\n<meta property=\"og:url\" content=\"https:\/\/public-vision.tv\/en\/ueber-uns\/\" \/>\n<meta property=\"og:site_name\" content=\"public vision - Videoproduktion und Filmproduktion aus D\u00fcsseldorf\" \/>\n<meta property=\"article:publisher\" content=\"https:\/\/www.facebook.com\/publicvision.de\/\" \/>\n<meta property=\"article:modified_time\" content=\"2026-03-27T15:13:44+00:00\" \/>\n<meta property=\"og:image\" content=\"https:\/\/public-vision.tv\/wp-content\/uploads\/2023\/08\/x-P1043655-ueber-uns.jpg\" \/>\n\t<meta property=\"og:image:width\" content=\"2560\" \/>\n\t<meta property=\"og:image:height\" content=\"1707\" \/>\n\t<meta property=\"og:image:type\" content=\"image\/jpeg\" \/>\n<meta name=\"twitter:card\" content=\"summary_large_image\" \/>\n<meta name=\"twitter:label1\" content=\"Est. reading time\" \/>\n\t<meta name=\"twitter:data1\" content=\"3 minutes\" \/>\n<script type=\"application\/ld+json\" class=\"yoast-schema-graph\">{\"@context\":\"https:\\\/\\\/schema.org\",\"@graph\":[{\"@type\":\"WebPage\",\"@id\":\"https:\\\/\\\/public-vision.tv\\\/ueber-uns\\\/\",\"url\":\"https:\\\/\\\/public-vision.tv\\\/ueber-uns\\\/\",\"name\":\"\u00dcber uns - public vision - Videoproduktion und Filmproduktion aus D\u00fcsseldorf\",\"isPartOf\":{\"@id\":\"https:\\\/\\\/public-vision.tv\\\/#website\"},\"primaryImageOfPage\":{\"@id\":\"https:\\\/\\\/public-vision.tv\\\/ueber-uns\\\/#primaryimage\"},\"image\":{\"@id\":\"https:\\\/\\\/public-vision.tv\\\/ueber-uns\\\/#primaryimage\"},\"thumbnailUrl\":\"https:\\\/\\\/public-vision.tv\\\/wp-content\\\/uploads\\\/2023\\\/08\\\/x-P1043655-ueber-uns.jpg\",\"datePublished\":\"2023-03-13T19:00:16+00:00\",\"dateModified\":\"2026-03-27T15:13:44+00:00\",\"description\":\"Hier arbeiten erfahrene und qualifizierte Medienmacher. Kamerateams, Cutter und Autoren mit Routine in der Umsetzung Inhalten aller Genres.\",\"breadcrumb\":{\"@id\":\"https:\\\/\\\/public-vision.tv\\\/ueber-uns\\\/#breadcrumb\"},\"inLanguage\":\"en-US\",\"potentialAction\":[{\"@type\":\"ReadAction\",\"target\":[\"https:\\\/\\\/public-vision.tv\\\/ueber-uns\\\/\"]}]},{\"@type\":\"ImageObject\",\"inLanguage\":\"en-US\",\"@id\":\"https:\\\/\\\/public-vision.tv\\\/ueber-uns\\\/#primaryimage\",\"url\":\"https:\\\/\\\/public-vision.tv\\\/wp-content\\\/uploads\\\/2023\\\/08\\\/x-P1043655-ueber-uns.jpg\",\"contentUrl\":\"https:\\\/\\\/public-vision.tv\\\/wp-content\\\/uploads\\\/2023\\\/08\\\/x-P1043655-ueber-uns.jpg\"},{\"@type\":\"BreadcrumbList\",\"@id\":\"https:\\\/\\\/public-vision.tv\\\/ueber-uns\\\/#breadcrumb\",\"itemListElement\":[{\"@type\":\"ListItem\",\"position\":1,\"name\":\"Startseite\",\"item\":\"https:\\\/\\\/public-vision.tv\\\/\"},{\"@type\":\"ListItem\",\"position\":2,\"name\":\"\u00dcber uns\"}]},{\"@type\":\"WebSite\",\"@id\":\"https:\\\/\\\/public-vision.tv\\\/#website\",\"url\":\"https:\\\/\\\/public-vision.tv\\\/\",\"name\":\"public vision - Videoproduktion und Filmproduktion aus D\u00fcsseldorf\",\"description\":\"public vision GmbH ist eine Film- und Videoproduktionsfirma aus D\u00fcsseldorf mit \u00fcber 20 Jahren Erfahrung. Von TV-Produktionen, Werbungen, Livestreams bis hin zu Social Media-Kampagnen setzen wir Ihre Projekte kreativ und zielgerecht um.\",\"publisher\":{\"@id\":\"https:\\\/\\\/public-vision.tv\\\/#organization\"},\"potentialAction\":[{\"@type\":\"SearchAction\",\"target\":{\"@type\":\"EntryPoint\",\"urlTemplate\":\"https:\\\/\\\/public-vision.tv\\\/?s={search_term_string}\"},\"query-input\":{\"@type\":\"PropertyValueSpecification\",\"valueRequired\":true,\"valueName\":\"search_term_string\"}}],\"inLanguage\":\"en-US\"},{\"@type\":\"Organization\",\"@id\":\"https:\\\/\\\/public-vision.tv\\\/#organization\",\"name\":\"public vision - Videoproduktion und Filmproduktion aus D\u00fcsseldorf\",\"url\":\"https:\\\/\\\/public-vision.tv\\\/\",\"logo\":{\"@type\":\"ImageObject\",\"inLanguage\":\"en-US\",\"@id\":\"https:\\\/\\\/public-vision.tv\\\/#\\\/schema\\\/logo\\\/image\\\/\",\"url\":\"https:\\\/\\\/public-vision.tv\\\/wp-content\\\/uploads\\\/2023\\\/03\\\/cropped-cropped-PV_Logo_2048x1152.png\",\"contentUrl\":\"https:\\\/\\\/public-vision.tv\\\/wp-content\\\/uploads\\\/2023\\\/03\\\/cropped-cropped-PV_Logo_2048x1152.png\",\"width\":2047,\"height\":683,\"caption\":\"public vision - Videoproduktion und Filmproduktion aus D\u00fcsseldorf\"},\"image\":{\"@id\":\"https:\\\/\\\/public-vision.tv\\\/#\\\/schema\\\/logo\\\/image\\\/\"},\"sameAs\":[\"https:\\\/\\\/www.facebook.com\\\/publicvision.de\\\/\",\"https:\\\/\\\/www.youtube.com\\\/user\\\/publicvisiontv\",\"https:\\\/\\\/www.instagram.com\\\/public_vision\\\/?hl=de\",\"https:\\\/\\\/www.tiktok.com\\\/@public_vision_gmbh\"]}]}<\/script>\n<!-- \/ Yoast SEO plugin. -->","yoast_head_json":{"title":"\u00dcber uns - public vision - Videoproduktion und Filmproduktion aus D\u00fcsseldorf","description":"Hier arbeiten erfahrene und qualifizierte Medienmacher. Kamerateams, Cutter und Autoren mit Routine in der Umsetzung Inhalten aller Genres.","robots":{"index":"index","follow":"follow","max-snippet":"max-snippet:-1","max-image-preview":"max-image-preview:large","max-video-preview":"max-video-preview:-1"},"canonical":"https:\/\/public-vision.tv\/en\/ueber-uns\/","og_locale":"en_US","og_type":"article","og_title":"\u00dcber uns - public vision - Videoproduktion und Filmproduktion aus D\u00fcsseldorf","og_description":"Hier arbeiten erfahrene und qualifizierte Medienmacher. Kamerateams, Cutter und Autoren mit Routine in der Umsetzung Inhalten aller Genres.","og_url":"https:\/\/public-vision.tv\/en\/ueber-uns\/","og_site_name":"public vision - Videoproduktion und Filmproduktion aus D\u00fcsseldorf","article_publisher":"https:\/\/www.facebook.com\/publicvision.de\/","article_modified_time":"2026-03-27T15:13:44+00:00","og_image":[{"width":2560,"height":1707,"url":"https:\/\/public-vision.tv\/wp-content\/uploads\/2023\/08\/x-P1043655-ueber-uns.jpg","type":"image\/jpeg"}],"twitter_card":"summary_large_image","twitter_misc":{"Est. reading time":"3 minutes"},"schema":{"@context":"https:\/\/schema.org","@graph":[{"@type":"WebPage","@id":"https:\/\/public-vision.tv\/ueber-uns\/","url":"https:\/\/public-vision.tv\/ueber-uns\/","name":"\u00dcber uns - public vision - Videoproduktion und Filmproduktion aus D\u00fcsseldorf","isPartOf":{"@id":"https:\/\/public-vision.tv\/#website"},"primaryImageOfPage":{"@id":"https:\/\/public-vision.tv\/ueber-uns\/#primaryimage"},"image":{"@id":"https:\/\/public-vision.tv\/ueber-uns\/#primaryimage"},"thumbnailUrl":"https:\/\/public-vision.tv\/wp-content\/uploads\/2023\/08\/x-P1043655-ueber-uns.jpg","datePublished":"2023-03-13T19:00:16+00:00","dateModified":"2026-03-27T15:13:44+00:00","description":"Hier arbeiten erfahrene und qualifizierte Medienmacher. Kamerateams, Cutter und Autoren mit Routine in der Umsetzung Inhalten aller Genres.","breadcrumb":{"@id":"https:\/\/public-vision.tv\/ueber-uns\/#breadcrumb"},"inLanguage":"en-US","potentialAction":[{"@type":"ReadAction","target":["https:\/\/public-vision.tv\/ueber-uns\/"]}]},{"@type":"ImageObject","inLanguage":"en-US","@id":"https:\/\/public-vision.tv\/ueber-uns\/#primaryimage","url":"https:\/\/public-vision.tv\/wp-content\/uploads\/2023\/08\/x-P1043655-ueber-uns.jpg","contentUrl":"https:\/\/public-vision.tv\/wp-content\/uploads\/2023\/08\/x-P1043655-ueber-uns.jpg"},{"@type":"BreadcrumbList","@id":"https:\/\/public-vision.tv\/ueber-uns\/#breadcrumb","itemListElement":[{"@type":"ListItem","position":1,"name":"Startseite","item":"https:\/\/public-vision.tv\/"},{"@type":"ListItem","position":2,"name":"\u00dcber uns"}]},{"@type":"WebSite","@id":"https:\/\/public-vision.tv\/#website","url":"https:\/\/public-vision.tv\/","name":"public vision - Videoproduktion und Filmproduktion aus D\u00fcsseldorf","description":"public vision GmbH ist eine Film- und Videoproduktionsfirma aus D\u00fcsseldorf mit \u00fcber 20 Jahren Erfahrung. Von TV-Produktionen, Werbungen, Livestreams bis hin zu Social Media-Kampagnen setzen wir Ihre Projekte kreativ und zielgerecht um.","publisher":{"@id":"https:\/\/public-vision.tv\/#organization"},"potentialAction":[{"@type":"SearchAction","target":{"@type":"EntryPoint","urlTemplate":"https:\/\/public-vision.tv\/?s={search_term_string}"},"query-input":{"@type":"PropertyValueSpecification","valueRequired":true,"valueName":"search_term_string"}}],"inLanguage":"en-US"},{"@type":"Organization","@id":"https:\/\/public-vision.tv\/#organization","name":"public vision - Videoproduktion und Filmproduktion aus D\u00fcsseldorf","url":"https:\/\/public-vision.tv\/","logo":{"@type":"ImageObject","inLanguage":"en-US","@id":"https:\/\/public-vision.tv\/#\/schema\/logo\/image\/","url":"https:\/\/public-vision.tv\/wp-content\/uploads\/2023\/03\/cropped-cropped-PV_Logo_2048x1152.png","contentUrl":"https:\/\/public-vision.tv\/wp-content\/uploads\/2023\/03\/cropped-cropped-PV_Logo_2048x1152.png","width":2047,"height":683,"caption":"public vision - Videoproduktion und Filmproduktion aus D\u00fcsseldorf"},"image":{"@id":"https:\/\/public-vision.tv\/#\/schema\/logo\/image\/"},"sameAs":["https:\/\/www.facebook.com\/publicvision.de\/","https:\/\/www.youtube.com\/user\/publicvisiontv","https:\/\/www.instagram.com\/public_vision\/?hl=de","https:\/\/www.tiktok.com\/@public_vision_gmbh"]}]}},"_links":{"self":[{"href":"https:\/\/public-vision.tv\/en\/wp-json\/wp\/v2\/pages\/12","targetHints":{"allow":["GET"]}}],"collection":[{"href":"https:\/\/public-vision.tv\/en\/wp-json\/wp\/v2\/pages"}],"about":[{"href":"https:\/\/public-vision.tv\/en\/wp-json\/wp\/v2\/types\/page"}],"author":[{"embeddable":true,"href":"https:\/\/public-vision.tv\/en\/wp-json\/wp\/v2\/users\/1"}],"replies":[{"embeddable":true,"href":"https:\/\/public-vision.tv\/en\/wp-json\/wp\/v2\/comments?post=12"}],"version-history":[{"count":5,"href":"https:\/\/public-vision.tv\/en\/wp-json\/wp\/v2\/pages\/12\/revisions"}],"predecessor-version":[{"id":4203,"href":"https:\/\/public-vision.tv\/en\/wp-json\/wp\/v2\/pages\/12\/revisions\/4203"}],"wp:attachment":[{"href":"https:\/\/public-vision.tv\/en\/wp-json\/wp\/v2\/media?parent=12"}],"curies":[{"name":"wp","href":"https:\/\/api.w.org\/{rel}","templated":true}]}}