{"id":3139,"date":"2023-08-08T15:51:47","date_gmt":"2023-08-08T13:51:47","guid":{"rendered":"https:\/\/2023.public-vision.tv\/?page_id=3139"},"modified":"2023-08-08T15:56:00","modified_gmt":"2023-08-08T13:56:00","slug":"datenschutz","status":"publish","type":"page","link":"https:\/\/public-vision.tv\/en\/datenschutz\/","title":{"rendered":"Datenschutz"},"content":{"rendered":"<h1 class=\"wp-block-heading has-link-color has-system-font-font-family has-x-large-font-size wp-elements-645977f82f4d4f165d4e7ae9e1cf4806\">Datenschutzerkl\u00e4rung<\/h1>\n\n\n\n<h2 class=\"wp-block-heading has-link-color has-large-font-size wp-elements-ff588faaef605b26b4386daecd7a44dc\">public vision GmbH (TV &amp; Video)<\/h2>\n\n\n\n<p class=\"has-link-color wp-elements-c0c5357b1c78b59f709204f2c46c90f6\">Gesch\u00e4ftsf\u00fchrer: Lars Bastian | Amtsgericht D\u00fcsseldorf<br>HRB 68749 | Ust.-IdNr. DE285941167 | St.-Nr. 106\/5734\/1600<br>Tel: 0049 (0) 211-9023467 | Fax: 0049 (0) 211-3982626<\/p>\n\n\n\n<h2 class=\"wp-block-heading has-link-color has-large-font-size wp-elements-57798b3245e6d7605e3d1ff6cb780a14\">Ihre Betroffenenrechte<\/h2>\n\n\n\n<p class=\"has-link-color wp-elements-20e4296feafb27d995636d0dbf77c519\">Unter den angegebenen Kontaktdaten unseres Datenschutzbeauftragten k\u00f6nnen Sie jederzeit folgende Rechte aus\u00fcben:<\/p>\n\n\n\n<ul class=\"has-link-color wp-block-list wp-elements-f662cb99af1ddd599dc9406f2ecad824\">\n<li>Auskunft \u00fcber Ihre bei uns gespeicherten Daten und deren Verarbeitung (Art. 15 DSGVO),<\/li>\n\n\n\n<li>Berichtigung unrichtiger personenbezogener Daten (Art. 16 DSGVO),<\/li>\n\n\n\n<li>L\u00f6schung Ihrer bei uns gespeicherten Daten (Art. 17 DSGVO),<\/li>\n\n\n\n<li>Einschr\u00e4nkung der Datenverarbeitung, sofern wir Ihre Daten aufgrund gesetzlicher Pflichten noch nicht l\u00f6schen d\u00fcrfen (Art. 18 DSGVO),<\/li>\n\n\n\n<li>Widerspruch gegen die Verarbeitung Ihrer Daten bei uns (Art. 21 DSGVO) und<\/li>\n\n\n\n<li>Daten\u00fcbertragbarkeit, sofern Sie in die Datenverarbeitung eingewilligt haben oder einen Vertrag mit uns abgeschlossen haben (Art. 20 DSGVO).<\/li>\n<\/ul>\n\n\n\n<p class=\"has-link-color wp-elements-de897a099a2a761d9de3693da63cbd9c\">Sofern Sie uns eine Einwilligung erteilt haben, k\u00f6nnen Sie diese jederzeit mit Wirkung f\u00fcr die Zukunft widerrufen.<\/p>\n\n\n\n<p class=\"has-link-color wp-elements-a225413515a31a15c1a074bc94a2afee\">Sie k\u00f6nnen sich jederzeit mit einer Beschwerde an die f\u00fcr Sie zust\u00e4ndige Aufsichtsbeh\u00f6rde wenden (Art. 77 DSGVO i.V.m. \u00a7 19 BDSG). Ihre zust\u00e4ndige Aufsichtsbeh\u00f6rde richtet sich nach dem Bundesland Ihres Wohnsitzes, Ihrer Arbeit oder der mutma\u00dflichen Verletzung. Eine Liste der Aufsichtsbeh\u00f6rden (f\u00fcr den nicht\u00f6ffentlichen Bereich) mit Anschrift finden Sie unter:&nbsp;<a href=\"https:\/\/www.bfdi.bund.de\/DE\/Infothek\/Anschriften_Links\/anschriften_links-node.html\" target=\"_blank\" rel=\"noreferrer noopener\">https:\/\/www.bfdi.bund.de\/DE\/Infothek\/Anschriften_Links\/anschriften_links-node.html<\/a>.<\/p>\n\n\n\n<h2 class=\"wp-block-heading has-link-color has-large-font-size wp-elements-bb407e950e335536b063e9d40cbee8e4\">Cookies<\/h2>\n\n\n\n<h3 class=\"wp-block-heading has-link-color has-large-font-size wp-elements-a8e790b7b5b1fafc35d66b04c649b6f4\">Art und Zweck der Verarbeitung:<\/h3>\n\n\n\n<p class=\"has-link-color wp-elements-b3d874f62fb049d1a1a940007ee8de7c\">Wie viele andere Webseiten verwenden wir auch so genannte \u201eCookies\u201c. Cookies sind kleine Textdateien, die von einem Websiteserver auf Ihre Festplatte \u00fcbertragen werden. Hierdurch erhalten wir automatisch bestimmte Daten wie z. B. IP-Adresse, verwendeter Browser, Betriebssystem und Ihre Verbindung zum Internet.<\/p>\n\n\n\n<p class=\"has-link-color wp-elements-ad7698c9a3456cc5bb039ba62ee2a969\">Cookies k\u00f6nnen nicht verwendet werden, um Programme zu starten oder Viren auf einen Computer zu \u00fcbertragen. Anhand der in Cookies enthaltenen Informationen k\u00f6nnen wir Ihnen die Navigation erleichtern und die korrekte Anzeige unserer Webseiten erm\u00f6glichen.<\/p>\n\n\n\n<p class=\"has-link-color wp-elements-06f06a6ea660bc51e770c71e7101738a\">In keinem Fall werden die von uns erfassten Daten an Dritte weitergegeben oder ohne Ihre Einwilligung eine Verkn\u00fcpfung mit personenbezogenen Daten hergestellt.<\/p>\n\n\n\n<p class=\"has-link-color wp-elements-8e3f28f8a0e4199c141abdb9b8f4f255\">Nat\u00fcrlich k\u00f6nnen Sie unsere Website grunds\u00e4tzlich auch ohne Cookies betrachten. Internet-Browser sind regelm\u00e4\u00dfig so eingestellt, dass sie Cookies akzeptieren. Im Allgemeinen k\u00f6nnen Sie die Verwendung von Cookies jederzeit \u00fcber die Einstellungen Ihres Browsers deaktivieren. Bitte verwenden Sie die Hilfefunktionen Ihres Internetbrowsers, um zu erfahren, wie Sie diese Einstellungen \u00e4ndern k\u00f6nnen. Bitte beachten Sie, dass einzelne Funktionen unserer Website m\u00f6glicherweise nicht funktionieren, wenn Sie die Verwendung von Cookies deaktiviert haben.<\/p>\n\n\n\n<h3 class=\"wp-block-heading has-link-color has-large-font-size wp-elements-a6808ef32b4b970d6bfadce673e23a16\">Speicherdauer und eingesetzte Cookies:<\/h3>\n\n\n\n<p class=\"has-link-color wp-elements-1712ecbc6daff11183ba7c7e05236a2c\">Soweit Sie uns durch Ihre Browsereinstellungen oder Zustimmung die Verwendung von Cookies erlauben, k\u00f6nnen folgende Cookies auf unseren Webseiten zum Einsatz kommen:<\/p>\n\n\n\n<p class=\"has-link-color wp-elements-f55af45a888263bc8f20920f4adaca7c\">Sitzungscookies \/ Session Cookies<\/p>\n\n\n\n<p class=\"has-link-color wp-elements-50890722ca3f7cfa7abed8cb3641a297\">Soweit diese Cookies (auch) personenbezogene Daten betreffen k\u00f6nnen, informieren wir Sie dar\u00fcber in den folgenden Abschnitten.<\/p>\n\n\n\n<p class=\"has-link-color wp-elements-6cb7c513e0e486ef9752be06ba863ef1\">Sie k\u00f6nnen \u00fcber Ihre Browsereinstellungen einzelne Cookies oder den gesamten Cookie-Bestand l\u00f6schen. Dar\u00fcber hinaus erhalten Sie Informationen und Anleitungen, wie diese Cookies gel\u00f6scht oder deren Speicherung vorab blockiert werden k\u00f6nnen. Je nach Anbieter Ihres Browsers finden Sie die notwendigen Informationen unter den nachfolgenden Links:<\/p>\n\n\n\n<ul class=\"has-link-color wp-block-list wp-elements-db25e57ea86f9564768018612e8eddfd\">\n<li>Mozilla Firefox:&nbsp;<a href=\"https:\/\/support.mozilla.org\/de\/kb\/cookies-loeschen-daten-von-websites-entfernen\" target=\"_blank\" rel=\"noreferrer noopener\">https:\/\/support.mozilla.org\/de\/kb\/cookies-loeschen-daten-von-websites-entfernen<\/a><\/li>\n\n\n\n<li>Internet Explorer:&nbsp;<a href=\"https:\/\/support.microsoft.com\/de-de\/help\/17442\/windows-internet-explorer-delete-manage-cookies\" target=\"_blank\" rel=\"noreferrer noopener\">https:\/\/support.microsoft.com\/de-de\/help\/17442\/windows-internet-explorer-delete-manage-cookies<\/a><\/li>\n\n\n\n<li>Google Chrome:&nbsp;<a href=\"https:\/\/support.google.com\/accounts\/answer\/61416?hl=de\" target=\"_blank\" rel=\"noreferrer noopener\">https:\/\/support.google.com\/accounts\/answer\/61416?hl=de<\/a><\/li>\n\n\n\n<li>Opera:&nbsp;<a href=\"http:\/\/www.opera.com\/de\/help\" target=\"_blank\" rel=\"noreferrer noopener\">http:\/\/www.opera.com\/de\/help<\/a><\/li>\n\n\n\n<li>Safari:&nbsp;<a href=\"https:\/\/support.apple.com\/kb\/PH17191?locale=de_DE&amp;viewlocale=de_DE\" target=\"_blank\" rel=\"noreferrer noopener\">https:\/\/support.apple.com\/kb\/PH17191?locale=de_DE&amp;viewlocale=de_DE<\/a><\/li>\n<\/ul>\n\n\n\n<h2 class=\"wp-block-heading has-link-color has-large-font-size wp-elements-906b007236995560d3c1683dfd59502f\">Verwendung von Google Analytics<\/h2>\n\n\n\n<h3 class=\"wp-block-heading has-link-color has-large-font-size wp-elements-a8e790b7b5b1fafc35d66b04c649b6f4\">Art und Zweck der Verarbeitung:<\/h3>\n\n\n\n<p class=\"has-link-color wp-elements-666bc633ece4da64df2eb945304c2597\">Diese Website benutzt Google Analytics, einen Webanalysedienst der Google LLC, 1600 Amphitheatre Parkway, Mountain View, CA 94043 USA (nachfolgend: \u201eGoogle\u201c). Google Analytics verwendet sog. \u201eCookies\u201c, also Textdateien, die auf Ihrem Computer gespeichert werden und die eine Analyse der Benutzung der Webseite durch Sie erm\u00f6glichen. Die durch das Cookie erzeugten Informationen \u00fcber Ihre Benutzung dieser Webseite werden in der Regel an einen Server von Google in den USA \u00fcbertragen und dort gespeichert. Aufgrund der Aktivierung der IP-Anonymisierung auf diesen Webseiten, wird Ihre IP-Adresse von Google jedoch innerhalb von Mitgliedstaaten der Europ\u00e4ischen Union oder in anderen Vertragsstaaten des Abkommens \u00fcber den Europ\u00e4ischen Wirtschaftsraum zuvor gek\u00fcrzt. Nur in Ausnahmef\u00e4llen wird die volle IP-Adresse an einen Server von Google in den USA \u00fcbertragen und dort gek\u00fcrzt. Im Auftrag des Betreibers dieser Website wird Google diese Informationen benutzen, um Ihre Nutzung der Webseite auszuwerten, um Reports \u00fcber die Webseitenaktivit\u00e4ten zusammenzustellen und um weitere mit der Websitenutzung und der Internetnutzung verbundene Dienstleistungen gegen\u00fcber dem Webseitenbetreiber zu erbringen. Die im Rahmen von Google Analytics von Ihrem Browser \u00fcbermittelte IP-Adresse wird nicht mit anderen Daten von Google zusammengef\u00fchrt.<\/p>\n\n\n\n<p class=\"has-link-color wp-elements-832b72c5738c679e70ed683d00d4c8da\">Die Zwecke der Datenverarbeitung liegen in der Auswertung der Nutzung der Website und in der Zusammenstellung von Reports \u00fcber Aktivit\u00e4ten auf der Website. Auf Grundlage der Nutzung der Website und des Internets sollen dann weitere verbundene Dienstleistungen erbracht werden.<\/p>\n\n\n\n<h3 class=\"wp-block-heading has-link-color has-large-font-size wp-elements-77ef34c635004c8f90c50e5384932e20\">Rechtsgrundlage:<\/h3>\n\n\n\n<p class=\"has-link-color wp-elements-00feac0d0e36482318ebb86d58d47cd1\">Die Verarbeitung der Daten erfolgt auf Grundlage einer Einwilligung des Nutzers (Art. 6 Abs. 1 lit. a DSGVO).<\/p>\n\n\n\n<h3 class=\"wp-block-heading has-link-color has-large-font-size wp-elements-00c1c52896c9a6e5f0f61a7105f16c2a\">Empf\u00e4nger:<\/h3>\n\n\n\n<p class=\"has-link-color wp-elements-4e264fb3ad997fdd909ce86bdfeeed42\">Empf\u00e4nger der Daten sind die verantwortliche Stelle und Google als Auftragsverarbeiter. Hierf\u00fcr haben wir mit Google den entsprechenden Auftragsverarbeitungsvertrag abgeschlossen.<\/p>\n\n\n\n<h3 class=\"wp-block-heading has-link-color has-large-font-size wp-elements-30ddb645786240646cbc8a61bf4afcf8\">Speicherdauer:<\/h3>\n\n\n\n<p class=\"has-link-color wp-elements-ca1f6591b4a1e9db70bb14210571852e\">Die L\u00f6schung der Daten erfolgt, sobald diese f\u00fcr unsere Aufzeichnungszwecke nicht mehr erforderlich sind.<\/p>\n\n\n\n<h3 class=\"wp-block-heading has-link-color has-large-font-size wp-elements-54e6ca69d459645575ae4d2189907921\">Drittlandtransfer:<\/h3>\n\n\n\n<p class=\"has-link-color wp-elements-956cc57d7873a23747a687b77115fdc5\">Google verarbeitet Ihre Daten in den USA und hat sich dem EU_US Privacy Shield unterworfen&nbsp;<a href=\"https:\/\/www.privacyshield.gov\/EU-US-Framework\">https:\/\/www.privacyshield.gov\/EU-US-Framework<\/a>. Au\u00dferdem haben wir Standarddatenschutzklauseln mit Google f\u00fcr den Einsatz von Google Analytics abgeschlossen.<\/p>\n\n\n\n<h3 class=\"wp-block-heading has-link-color has-large-font-size wp-elements-28c5f19397e57460f6b06cbd8fbc25a3\">Bereitstellung vorgeschrieben oder erforderlich:<\/h3>\n\n\n\n<p class=\"has-link-color wp-elements-026467cb676bf369a5692a5855e1c65e\">Die Bereitstellung Ihrer personenbezogenen Daten erfolgt freiwillig, allein auf Basis Ihrer Einwilligung. Sofern Sie den Zugriff unterbinden, kann es hierdurch zu Funktionseinschr\u00e4nkungen auf der Website kommen.<\/p>\n\n\n\n<h4 class=\"wp-block-heading has-link-color has-large-font-size wp-elements-e586ce01f3aca41a75ba4b403c69c16f\">Widerruf der Einwilligung:<\/h4>\n\n\n\n<p class=\"has-link-color wp-elements-429f82394e430bf8ee84af7843e38380\">Sie k\u00f6nnen die Speicherung der Cookies durch eine entsprechende Einstellung Ihrer Browser-Software verhindern; wir weisen Sie jedoch darauf hin, dass Sie in diesem Fall gegebenenfalls nicht s\u00e4mtliche Funktionen dieser Website vollumf\u00e4nglich werden nutzen k\u00f6nnen. Sie k\u00f6nnen dar\u00fcber hinaus die Erfassung der durch das Cookie erzeugten und auf Ihre Nutzung der Webseite bezogenen Daten (inkl. Ihrer IP-Adresse) an Google sowie die Verarbeitung dieser Daten durch Google verhindern, indem sie das unter dem folgenden Link verf\u00fcgbare Browser-Plugin herunterladen und installieren:&nbsp;<a href=\"http:\/\/tools.google.com\/dlpage\/gaoptout?hl=de\">Browser Add On zur Deaktivierung von Google Analytics<\/a>.<\/p>\n\n\n\n<p class=\"has-link-color wp-elements-23cd75794d4f7132a1bc8def8858b591\">Zus\u00e4tzlich oder als Alternative zum Browser-Add-On k\u00f6nnen Sie das Tracking durch Google Analytics auf unseren Seiten unterbinden, indem Sie&nbsp;<a href=\"https:\/\/www.activemind.de\/datenschutz\/datenschutzhinweis-generator\/ergebnis\/\">diesen Link anklicken<\/a>. Dabei wird ein Opt-out-Cookie auf Ihrem Ger\u00e4t installiert. Damit wird die Erfassung durch Google Analytics f\u00fcr diese Website und f\u00fcr diesen Browser zuk\u00fcnftig verhindert, so lange das Cookie in Ihrem Browser installiert bleibt.<\/p>\n\n\n\n<h5 class=\"wp-block-heading has-link-color wp-elements-92071aaa1a61ac37f44ca268667eb711\">Profiling:<\/h5>\n\n\n\n<p class=\"has-link-color wp-elements-73860c14c0ba5709739bc728d5cf968e\">Mit Hilfe des Tracking-Tools Google Analytics kann das Verhalten der Besucher der Webseite bewertet und die Interessen analysiert werden. Hierzu erstellen wir ein pseudonymes Nutzerprofil.<\/p>\n\n\n\n<h2 class=\"wp-block-heading has-link-color has-large-font-size wp-elements-5440b3011447f3939b4298f0a9ae3fa7\">Verwendung von Google Maps<\/h2>\n\n\n\n<h3 class=\"wp-block-heading has-link-color has-large-font-size wp-elements-a8e790b7b5b1fafc35d66b04c649b6f4\">Art und Zweck der Verarbeitung:<\/h3>\n\n\n\n<p class=\"has-link-color wp-elements-5537e0aadc1c366a97341dd50e2ebde7\">Auf dieser Webseite nutzen wir das Angebot von Google Maps. Google Maps wird von Google LLC, 1600 Amphitheatre Parkway, Mountain View, CA 94043, USA (nachfolgend \u201eGoogle\u201c) betrieben. Dadurch k\u00f6nnen wir Ihnen interaktive Karten direkt in der Webseite anzeigen und erm\u00f6glichen Ihnen die komfortable Nutzung der Karten-Funktion.<\/p>\n\n\n\n<p class=\"has-link-color wp-elements-8f6e96b17ca166b380144b162acbc8e1\">N\u00e4here Informationen \u00fcber die Datenverarbeitung durch Google k\u00f6nnen Sie&nbsp;<a href=\"http:\/\/www.google.com\/privacypolicy.html\">den Google-Datenschutzhinweisen<\/a>&nbsp;entnehmen. Dort k\u00f6nnen Sie im Datenschutzcenter auch Ihre pers\u00f6nlichen Datenschutz-Einstellungen ver\u00e4ndern.<\/p>\n\n\n\n<p class=\"has-link-color wp-elements-b3ba06b2008564affa5ce0881bd0f7cc\">Ausf\u00fchrliche Anleitungen zur Verwaltung der eigenen Daten im Zusammenhang mit Google-Produkten<a href=\"http:\/\/www.dataliberation.org\/\">&nbsp;finden Sie hier<\/a>.<\/p>\n\n\n\n<h4 class=\"wp-block-heading has-link-color has-large-font-size wp-elements-94c0cb6af3c570354d3ba9dc51bdc6ae\">Rechtsgrundlage:<\/h4>\n\n\n\n<p class=\"has-link-color wp-elements-09cee27cea5492ead3687aca32627ad5\">Rechtsgrundlage f\u00fcr die Einbindung von Google Maps und dem damit verbundenen Datentransfer zu Google ist Ihre Einwilligung (Art. 6 Abs. 1 lit. a DSGVO).<\/p>\n\n\n\n<h4 class=\"wp-block-heading has-link-color has-large-font-size wp-elements-2ce2be7e61d3451454b82a8aa82e61e7\">Empf\u00e4nger:<\/h4>\n\n\n\n<p class=\"has-link-color wp-elements-28541dc916370f19d9292f60c8b41c24\">Durch den Besuch der Webseite erh\u00e4lt Google Informationen, dass Sie die entsprechende Unterseite unserer Webseite aufgerufen haben. Dies erfolgt unabh\u00e4ngig davon, ob Google ein Nutzerkonto bereitstellt, \u00fcber das Sie eingeloggt sind, oder ob kein Nutzerkonto besteht. Wenn Sie bei Google eingeloggt sind, werden Ihre Daten direkt Ihrem Konto zugeordnet.<\/p>\n\n\n\n<p class=\"has-link-color wp-elements-03efeb8faade58d2b4046e96a334de7c\">Wenn Sie die Zuordnung in Ihrem Profil bei Google nicht w\u00fcnschen, m\u00fcssen Sie sich vor Aktivierung des Buttons bei Google ausloggen. Google speichert Ihre Daten als Nutzungsprofile und nutzt sie f\u00fcr Zwecke der Werbung, Marktforschung und\/oder bedarfsgerechter Gestaltung seiner Webseite. Eine solche Auswertung erfolgt insbesondere (selbst f\u00fcr nicht eingeloggte Nutzer) zur Erbringung bedarfsgerechter Werbung und um andere Nutzer des sozialen Netzwerks \u00fcber Ihre Aktivit\u00e4ten auf unserer Webseite zu informieren. Ihnen steht ein Widerspruchsrecht zu gegen die Bildung dieser Nutzerprofile, wobei Sie sich zur Aus\u00fcbung dessen an Google richten m\u00fcssen.<\/p>\n\n\n\n<h4 class=\"wp-block-heading has-link-color has-large-font-size wp-elements-86692cf0137f0bdb180f96f915110cba\">Speicherdauer:<\/h4>\n\n\n\n<p class=\"has-link-color wp-elements-6f625f9c3c68f8508ef07102e1a84ebd\">Wir erheben keine personenbezogenen Daten, durch die Einbindung von Google Maps.<\/p>\n\n\n\n<h4 class=\"wp-block-heading has-link-color has-large-font-size wp-elements-098440af1c617813d81a34435d57c376\">Drittlandtransfer:<\/h4>\n\n\n\n<p class=\"has-link-color wp-elements-35c58c9d4a4081f5e5f1839ee9c18854\">Google verarbeitet Ihre Daten in den USA und hat sich dem EU_US Privacy Shield unterworfen&nbsp;<a href=\"https:\/\/www.privacyshield.gov\/EU-US-Framework\">https:\/\/www.privacyshield.gov\/EU-US-Framework<\/a>.<\/p>\n\n\n\n<h4 class=\"wp-block-heading has-link-color has-large-font-size wp-elements-e586ce01f3aca41a75ba4b403c69c16f\">Widerruf der Einwilligung:<\/h4>\n\n\n\n<p class=\"has-link-color wp-elements-dd869be390426adfbb6abd2e9acadfbb\">Wenn Sie nicht m\u00f6chten, dass Google \u00fcber unseren Internetauftritt Daten \u00fcber Sie erhebt, verarbeitet oder nutzt, k\u00f6nnen Sie in Ihrem Browsereinstellungen JavaScript deaktivieren. In diesem Fall k\u00f6nnen Sie unsere Webseite jedoch nicht oder nur eingeschr\u00e4nkt nutzen.<\/p>\n\n\n\n<h4 class=\"wp-block-heading has-link-color has-large-font-size wp-elements-3d6790f7e62a04d8f28a41ac3c93a387\">Bereitstellung vorgeschrieben oder erforderlich:<\/h4>\n\n\n\n<p class=\"has-link-color wp-elements-026467cb676bf369a5692a5855e1c65e\">Die Bereitstellung Ihrer personenbezogenen Daten erfolgt freiwillig, allein auf Basis Ihrer Einwilligung. Sofern Sie den Zugriff unterbinden, kann es hierdurch zu Funktionseinschr\u00e4nkungen auf der Website kommen.<\/p>\n\n\n\n<h2 class=\"wp-block-heading has-link-color has-large-font-size wp-elements-8b774a8d5d94e9bfd723ecabf02a23bb\">Eingebettete YouTube-Videos<\/h2>\n\n\n\n<h3 class=\"wp-block-heading has-link-color has-large-font-size wp-elements-a8e790b7b5b1fafc35d66b04c649b6f4\">Art und Zweck der Verarbeitung:<\/h3>\n\n\n\n<p class=\"has-link-color wp-elements-5e2439b12eb80b4db7253d23a5801a16\">Auf einigen unserer Webseiten betten wir YouTube-Videos ein. Betreiber der entsprechenden Plugins ist die YouTube, LLC, 901 Cherry Ave., San Bruno, CA 94066, USA (nachfolgend \u201eYouTube\u201c). Wenn Sie eine Seite mit dem YouTube-Plugin besuchen, wird eine Verbindung zu Servern von YouTube hergestellt. Dabei wird YouTube mitgeteilt, welche Seiten Sie besuchen. Wenn Sie in Ihrem YouTube-Account eingeloggt sind, kann YouTube Ihr Surfverhalten Ihnen pers\u00f6nlich zuzuordnen. Dies verhindern Sie, indem Sie sich vorher aus Ihrem YouTube-Account ausloggen.<\/p>\n\n\n\n<p class=\"has-link-color wp-elements-d9e5c8b517ab63200c658f58dd21dbd6\">Wird ein YouTube-Video gestartet, setzt der Anbieter Cookies ein, die Hinweise \u00fcber das Nutzerverhalten sammeln.<\/p>\n\n\n\n<p class=\"has-link-color wp-elements-524243357eef3122536808bffd319b48\">Weitere Informationen zu Zweck und Umfang der Datenerhebung und ihrer Verarbeitung durch YouTube erhalten Sie in den Datenschutzerkl\u00e4rungen des Anbieters, Dort erhalten Sie auch weitere Informationen zu Ihren diesbez\u00fcglichen Rechten und Einstellungsm\u00f6glichkeiten zum Schutze Ihrer Privatsph\u00e4re (<a href=\"https:\/\/policies.google.com\/privacy\">https:\/\/policies.google.com\/privacy<\/a>). Google verarbeitet Ihre Daten in den USA und hat sich dem EU-US Privacy Shield unterworfen https:\/\/www.privacyshield.gov\/EU-US-Framework<\/p>\n\n\n\n<h4 class=\"wp-block-heading has-link-color has-large-font-size wp-elements-94c0cb6af3c570354d3ba9dc51bdc6ae\">Rechtsgrundlage:<\/h4>\n\n\n\n<p class=\"has-link-color wp-elements-52a164072a82dc9f712df4269847d51c\">Rechtsgrundlage f\u00fcr die Einbindung von YouTube und dem damit verbundenen Datentransfer zu Google ist Ihre Einwilligung (Art. 6 Abs. 1 lit. a DSGVO).<\/p>\n\n\n\n<h4 class=\"wp-block-heading has-link-color has-large-font-size wp-elements-2ce2be7e61d3451454b82a8aa82e61e7\">Empf\u00e4nger:<\/h4>\n\n\n\n<p class=\"has-link-color wp-elements-f3b68969840de3c61361ae394ed4c553\">Der Aufruf von YouTube l\u00f6st automatisch eine Verbindung zu Google aus.<\/p>\n\n\n\n<h4 class=\"wp-block-heading has-link-color has-large-font-size wp-elements-db84755dd9ae0e3d31e4d01e49286dc1\">Speicherdauer und Widerruf der Einwilligung:<\/h4>\n\n\n\n<p class=\"has-link-color wp-elements-e745e86c9a45c533d35ee52dac2276eb\">Wer das Speichern von Cookies f\u00fcr das Google-Ad-Programm deaktiviert hat, wird auch beim Anschauen von YouTube-Videos mit keinen solchen Cookies rechnen m\u00fcssen. YouTube legt aber auch in anderen Cookies nicht-personenbezogene Nutzungsinformationen ab. M\u00f6chten Sie dies verhindern, so m\u00fcssen Sie das Speichern von Cookies im Browser blockieren.<\/p>\n\n\n\n<p class=\"has-link-color wp-elements-8ba462ba3766ecc056348d834c1551d9\">Weitere Informationen zum Datenschutz bei \u201eYouTube\u201c finden Sie in der Datenschutzerkl\u00e4rung des Anbieters unter:&nbsp;<a href=\"https:\/\/www.google.de\/intl\/de\/policies\/privacy\/\">https:\/\/www.google.de\/intl\/de\/policies\/privacy\/<\/a><\/p>\n\n\n\n<h4 class=\"wp-block-heading has-link-color has-large-font-size wp-elements-098440af1c617813d81a34435d57c376\">Drittlandtransfer:<\/h4>\n\n\n\n<p class=\"has-link-color wp-elements-35c58c9d4a4081f5e5f1839ee9c18854\">Google verarbeitet Ihre Daten in den USA und hat sich dem EU_US Privacy Shield unterworfen&nbsp;<a href=\"https:\/\/www.privacyshield.gov\/EU-US-Framework\">https:\/\/www.privacyshield.gov\/EU-US-Framework<\/a>.<\/p>\n\n\n\n<h4 class=\"wp-block-heading has-link-color has-large-font-size wp-elements-3d6790f7e62a04d8f28a41ac3c93a387\">Bereitstellung vorgeschrieben oder erforderlich:<\/h4>\n\n\n\n<p class=\"has-link-color wp-elements-026467cb676bf369a5692a5855e1c65e\">Die Bereitstellung Ihrer personenbezogenen Daten erfolgt freiwillig, allein auf Basis Ihrer Einwilligung. Sofern Sie den Zugriff unterbinden, kann es hierdurch zu Funktionseinschr\u00e4nkungen auf der Website kommen.<\/p>\n\n\n\n<h2 class=\"wp-block-heading has-link-color has-large-font-size wp-elements-2b48d04dd00d0065a8cd94c1b661f7ea\">Eingebettete Vimeo-Videos<\/h2>\n\n\n\n<p class=\"has-link-color wp-elements-1e3f4f8bfc2b1c53029cd7ac34dbb61e\">Auf einigen unserer Webseiten betten wir Videos des Anbieters Vimeo ein. Vimeo wird betrieben von Vimeo, LLC mit Hauptsitz in 555 West 18th Street, New York, New York 10011.<\/p>\n\n\n\n<p class=\"has-link-color wp-elements-ab96c618398e3183511e67c258263e61\">Auf einigen unserer Internetseiten verwenden wir Plugins des Anbieters Vimeo. Wenn Sie die mit einem solchen Plugin versehenen Internetseiten unserer Internetpr\u00e4senz aufrufen \u2013 beispielsweise unsere Mediathek \u2013, wird eine Verbindung zu den Vimeo-Servern hergestellt und dabei das Plugin dargestellt. Hierdurch wird an den Vimeo-Server \u00fcbermittelt, welche unserer Internetseiten Sie besucht haben. Sind Sie dabei als Mitglied bei Vimeo eingeloggt, ordnet Vimeo diese Information Ihrem pers\u00f6nlichen Benutzerkonto zu. Bei Nutzung des Plugins wie z.B. Anklicken des Start-Buttons eines Videos wird diese Information ebenfalls Ihrem Benutzerkonto zugeordnet. Sie k\u00f6nnen diese Zuordnung verhindern, indem Sie sich vor der Nutzung unserer Internetseite aus ihrem Vimeo-Benutzerkonto abmelden und die entsprechenden Cookies von Vimeo l\u00f6schen.<\/p>\n\n\n\n<p class=\"has-link-color wp-elements-f39a1340ed189835b0d6a63289404fd9\">Weitere Informationen zur Datenverarbeitung und Hinweise zum Datenschutz durch Vimeo finden Sie unter&nbsp;<a href=\"https:\/\/vimeo.com\/privacy\">https:\/\/vimeo.com\/privacy<\/a><\/p>\n\n\n\n<h3 class=\"wp-block-heading has-link-color has-large-font-size wp-elements-dd69af03d0cf450406fe09fc7e967cf6\">Social Plugins<\/h3>\n\n\n\n<p class=\"has-link-color wp-elements-eedd0e2448ea8292998e8fe572e54833\">Art und Zweck der Verarbeitung:<\/p>\n\n\n\n<p class=\"has-link-color wp-elements-193b7e9ea2fed092e12cda7819713c38\">Wir bieten Ihnen auf unserer Webseite \u2013 auf dem Blog \u2013 die M\u00f6glichkeit der Nutzung von sog. \u201eSocial-Media-Buttons\u201c an. Zum Schutze Ihrer Daten setzen wir bei der Implementierung auf die L\u00f6sung \u201eShariff\u201c. Hierdurch werden diese Buttons auf der Webseite lediglich als Grafik eingebunden, die eine Verlinkung auf die entsprechende Webseite des Button-Anbieters enth\u00e4lt. Durch Anklicken der Grafik werden Sie somit zu den Diensten der jeweiligen Anbieter weitergeleitet. Erst dann werden Ihre Daten an die jeweiligen Anbieter gesendet. Sofern Sie die Grafik nicht anklicken, findet keinerlei Austausch zwischen Ihnen und den Anbietern der Social-Media-Buttons statt. Informationen \u00fcber die Erhebung und Verwendung Ihrer Daten in den sozialen Netzwerken finden Sie in den jeweiligen Nutzungsbedingungen der entsprechenden Anbieter. Mehr Informationen zur Shariff-L\u00f6sung finden Sie hier:&nbsp;<a href=\"http:\/\/www.heise.de\/ct\/artikel\/Shariff-Social-Media-Buttons-mit-Datenschutz-2467514.html\">http:\/\/www.heise.de\/ct\/artikel\/Shariff-Social-Media-Buttons-mit-Datenschutz-2467514.html<\/a><\/p>\n\n\n\n<p class=\"has-link-color wp-elements-35cc9f63247cf5732a4e718ad53cc505\">Wir haben auf unserer Website \u2013 auf dem Blog \u2013 die Social-Media-Buttons folgender Unternehmen eingebunden: facebook, Xing, LinkedIn<\/p>\n\n\n\n<h3 class=\"wp-block-heading has-link-color has-large-font-size wp-elements-ff67ad27adaca473f79da5f7d724b7b9\">SSL-Verschl\u00fcsselung<\/h3>\n\n\n\n<p class=\"has-link-color wp-elements-00e9d1b72ab4d5d46bc943716f73c029\">Um die Sicherheit Ihrer Daten bei der \u00dcbertragung zu sch\u00fctzen, verwenden wir dem aktuellen Stand der Technik entsprechende Verschl\u00fcsselungsverfahren (z. B. SSL) \u00fcber HTTPS.<\/p>\n\n\n\n<h4 class=\"wp-block-heading has-link-color has-large-font-size wp-elements-f61684c12abe8f2fd5fe2f2212b93b35\">\u00c4nderung unserer Datenschutzbestimmungen<\/h4>\n\n\n\n<p class=\"has-link-color wp-elements-e766478efc2d51a661f6e14de6ec7103\">Wir behalten uns vor, diese Datenschutzerkl\u00e4rung anzupassen, damit sie stets den aktuellen rechtlichen Anforderungen entspricht oder um \u00c4nderungen unserer Leistungen in der Datenschutzerkl\u00e4rung umzusetzen, z.B. bei der Einf\u00fchrung neuer Services. F\u00fcr Ihren erneuten Besuch gilt dann die neue Datenschutzerkl\u00e4rung.<\/p>\n\n\n\n<h4 class=\"wp-block-heading has-link-color has-large-font-size wp-elements-7090df6bb94d4827083924ba5e1e7ddc\">Fragen an den Datenschutzbeauftragten<\/h4>\n\n\n\n<p class=\"has-link-color wp-elements-290a05192d56b03a85685a6114e3bd07\">Wenn Sie Fragen zum Datenschutz haben, schreiben Sie uns bitte eine E-Mail oder wenden Sie sich direkt an die f\u00fcr den Datenschutz verantwortliche Person in unserer Organisation: Lars Bastian (<a href=\"mailto:lbastian@public-vision.tv\">lbastian@public-vision.tv<\/a>)<\/p>\n\n\n\n<p class=\"has-link-color wp-elements-de5cb9be60535d998f27e6099529a05e\"><a href=\"https:\/\/public-vision.tv\/en\/impressum\/\">Impressum<\/a><\/p>","protected":false},"excerpt":{"rendered":"<p>Datenschutzerkl\u00e4rung public vision GmbH (TV &amp; Video) Gesch\u00e4ftsf\u00fchrer: Lars Bastian | Amtsgericht D\u00fcsseldorfHRB 68749 | Ust.-IdNr. DE285941167 | St.-Nr. 106\/5734\/1600Tel: 0049 (0) 211-9023467 | Fax: 0049 (0) 211-3982626 Ihre Betroffenenrechte Unter den angegebenen Kontaktdaten unseres Datenschutzbeauftragten k\u00f6nnen Sie jederzeit folgende Rechte aus\u00fcben: Sofern Sie uns eine Einwilligung erteilt haben, k\u00f6nnen Sie diese jederzeit mit Wirkung [&hellip;]<\/p>\n","protected":false},"author":3,"featured_media":0,"parent":0,"menu_order":0,"comment_status":"closed","ping_status":"closed","template":"page-large-header","meta":{"_eb_attr":"","footnotes":""},"class_list":["post-3139","page","type-page","status-publish","hentry"],"yoast_head":"<!-- This site is optimized with the Yoast SEO plugin v27.5 - https:\/\/yoast.com\/product\/yoast-seo-wordpress\/ -->\n<title>Datenschutz - public vision - Videoproduktion und Filmproduktion aus D\u00fcsseldorf<\/title>\n<meta name=\"robots\" content=\"index, follow, max-snippet:-1, max-image-preview:large, max-video-preview:-1\" \/>\n<link rel=\"canonical\" href=\"https:\/\/public-vision.tv\/en\/datenschutz\/\" \/>\n<meta property=\"og:locale\" content=\"en_US\" \/>\n<meta property=\"og:type\" content=\"article\" \/>\n<meta property=\"og:title\" content=\"Datenschutz - public vision - Videoproduktion und Filmproduktion aus D\u00fcsseldorf\" \/>\n<meta property=\"og:description\" content=\"Datenschutzerkl\u00e4rung public vision GmbH (TV &amp; Video) Gesch\u00e4ftsf\u00fchrer: Lars Bastian | Amtsgericht D\u00fcsseldorfHRB 68749 | Ust.-IdNr. DE285941167 | St.-Nr. 106\/5734\/1600Tel: 0049 (0) 211-9023467 | Fax: 0049 (0) 211-3982626 Ihre Betroffenenrechte Unter den angegebenen Kontaktdaten unseres Datenschutzbeauftragten k\u00f6nnen Sie jederzeit folgende Rechte aus\u00fcben: Sofern Sie uns eine Einwilligung erteilt haben, k\u00f6nnen Sie diese jederzeit mit Wirkung [&hellip;]\" \/>\n<meta property=\"og:url\" content=\"https:\/\/public-vision.tv\/en\/datenschutz\/\" \/>\n<meta property=\"og:site_name\" content=\"public vision - Videoproduktion und Filmproduktion aus D\u00fcsseldorf\" \/>\n<meta property=\"article:publisher\" content=\"https:\/\/www.facebook.com\/publicvision.de\/\" \/>\n<meta property=\"article:modified_time\" content=\"2023-08-08T13:56:00+00:00\" \/>\n<meta name=\"twitter:card\" content=\"summary_large_image\" \/>\n<meta name=\"twitter:label1\" content=\"Est. reading time\" \/>\n\t<meta name=\"twitter:data1\" content=\"11 minutes\" \/>\n<script type=\"application\/ld+json\" class=\"yoast-schema-graph\">{\"@context\":\"https:\\\/\\\/schema.org\",\"@graph\":[{\"@type\":\"WebPage\",\"@id\":\"https:\\\/\\\/public-vision.tv\\\/datenschutz\\\/\",\"url\":\"https:\\\/\\\/public-vision.tv\\\/datenschutz\\\/\",\"name\":\"Datenschutz - public vision - Videoproduktion und Filmproduktion aus D\u00fcsseldorf\",\"isPartOf\":{\"@id\":\"https:\\\/\\\/public-vision.tv\\\/#website\"},\"datePublished\":\"2023-08-08T13:51:47+00:00\",\"dateModified\":\"2023-08-08T13:56:00+00:00\",\"breadcrumb\":{\"@id\":\"https:\\\/\\\/public-vision.tv\\\/datenschutz\\\/#breadcrumb\"},\"inLanguage\":\"en-US\",\"potentialAction\":[{\"@type\":\"ReadAction\",\"target\":[\"https:\\\/\\\/public-vision.tv\\\/datenschutz\\\/\"]}]},{\"@type\":\"BreadcrumbList\",\"@id\":\"https:\\\/\\\/public-vision.tv\\\/datenschutz\\\/#breadcrumb\",\"itemListElement\":[{\"@type\":\"ListItem\",\"position\":1,\"name\":\"Startseite\",\"item\":\"https:\\\/\\\/public-vision.tv\\\/\"},{\"@type\":\"ListItem\",\"position\":2,\"name\":\"Datenschutz\"}]},{\"@type\":\"WebSite\",\"@id\":\"https:\\\/\\\/public-vision.tv\\\/#website\",\"url\":\"https:\\\/\\\/public-vision.tv\\\/\",\"name\":\"public vision - Videoproduktion und Filmproduktion aus D\u00fcsseldorf\",\"description\":\"public vision GmbH ist eine Film- und Videoproduktionsfirma aus D\u00fcsseldorf mit \u00fcber 20 Jahren Erfahrung. Von TV-Produktionen, Werbungen, Livestreams bis hin zu Social Media-Kampagnen setzen wir Ihre Projekte kreativ und zielgerecht um.\",\"publisher\":{\"@id\":\"https:\\\/\\\/public-vision.tv\\\/#organization\"},\"potentialAction\":[{\"@type\":\"SearchAction\",\"target\":{\"@type\":\"EntryPoint\",\"urlTemplate\":\"https:\\\/\\\/public-vision.tv\\\/?s={search_term_string}\"},\"query-input\":{\"@type\":\"PropertyValueSpecification\",\"valueRequired\":true,\"valueName\":\"search_term_string\"}}],\"inLanguage\":\"en-US\"},{\"@type\":\"Organization\",\"@id\":\"https:\\\/\\\/public-vision.tv\\\/#organization\",\"name\":\"public vision - Videoproduktion und Filmproduktion aus D\u00fcsseldorf\",\"url\":\"https:\\\/\\\/public-vision.tv\\\/\",\"logo\":{\"@type\":\"ImageObject\",\"inLanguage\":\"en-US\",\"@id\":\"https:\\\/\\\/public-vision.tv\\\/#\\\/schema\\\/logo\\\/image\\\/\",\"url\":\"https:\\\/\\\/public-vision.tv\\\/wp-content\\\/uploads\\\/2023\\\/03\\\/cropped-cropped-PV_Logo_2048x1152.png\",\"contentUrl\":\"https:\\\/\\\/public-vision.tv\\\/wp-content\\\/uploads\\\/2023\\\/03\\\/cropped-cropped-PV_Logo_2048x1152.png\",\"width\":2047,\"height\":683,\"caption\":\"public vision - Videoproduktion und Filmproduktion aus D\u00fcsseldorf\"},\"image\":{\"@id\":\"https:\\\/\\\/public-vision.tv\\\/#\\\/schema\\\/logo\\\/image\\\/\"},\"sameAs\":[\"https:\\\/\\\/www.facebook.com\\\/publicvision.de\\\/\",\"https:\\\/\\\/www.youtube.com\\\/user\\\/publicvisiontv\",\"https:\\\/\\\/www.instagram.com\\\/public_vision\\\/?hl=de\",\"https:\\\/\\\/www.tiktok.com\\\/@public_vision_gmbh\"]}]}<\/script>\n<!-- \/ Yoast SEO plugin. -->","yoast_head_json":{"title":"Datenschutz - public vision - Videoproduktion und Filmproduktion aus D\u00fcsseldorf","robots":{"index":"index","follow":"follow","max-snippet":"max-snippet:-1","max-image-preview":"max-image-preview:large","max-video-preview":"max-video-preview:-1"},"canonical":"https:\/\/public-vision.tv\/en\/datenschutz\/","og_locale":"en_US","og_type":"article","og_title":"Datenschutz - public vision - Videoproduktion und Filmproduktion aus D\u00fcsseldorf","og_description":"Datenschutzerkl\u00e4rung public vision GmbH (TV &amp; Video) Gesch\u00e4ftsf\u00fchrer: Lars Bastian | Amtsgericht D\u00fcsseldorfHRB 68749 | Ust.-IdNr. DE285941167 | St.-Nr. 106\/5734\/1600Tel: 0049 (0) 211-9023467 | Fax: 0049 (0) 211-3982626 Ihre Betroffenenrechte Unter den angegebenen Kontaktdaten unseres Datenschutzbeauftragten k\u00f6nnen Sie jederzeit folgende Rechte aus\u00fcben: Sofern Sie uns eine Einwilligung erteilt haben, k\u00f6nnen Sie diese jederzeit mit Wirkung [&hellip;]","og_url":"https:\/\/public-vision.tv\/en\/datenschutz\/","og_site_name":"public vision - Videoproduktion und Filmproduktion aus D\u00fcsseldorf","article_publisher":"https:\/\/www.facebook.com\/publicvision.de\/","article_modified_time":"2023-08-08T13:56:00+00:00","twitter_card":"summary_large_image","twitter_misc":{"Est. reading time":"11 minutes"},"schema":{"@context":"https:\/\/schema.org","@graph":[{"@type":"WebPage","@id":"https:\/\/public-vision.tv\/datenschutz\/","url":"https:\/\/public-vision.tv\/datenschutz\/","name":"Datenschutz - public vision - Videoproduktion und Filmproduktion aus D\u00fcsseldorf","isPartOf":{"@id":"https:\/\/public-vision.tv\/#website"},"datePublished":"2023-08-08T13:51:47+00:00","dateModified":"2023-08-08T13:56:00+00:00","breadcrumb":{"@id":"https:\/\/public-vision.tv\/datenschutz\/#breadcrumb"},"inLanguage":"en-US","potentialAction":[{"@type":"ReadAction","target":["https:\/\/public-vision.tv\/datenschutz\/"]}]},{"@type":"BreadcrumbList","@id":"https:\/\/public-vision.tv\/datenschutz\/#breadcrumb","itemListElement":[{"@type":"ListItem","position":1,"name":"Startseite","item":"https:\/\/public-vision.tv\/"},{"@type":"ListItem","position":2,"name":"Datenschutz"}]},{"@type":"WebSite","@id":"https:\/\/public-vision.tv\/#website","url":"https:\/\/public-vision.tv\/","name":"public vision - Videoproduktion und Filmproduktion aus D\u00fcsseldorf","description":"public vision GmbH ist eine Film- und Videoproduktionsfirma aus D\u00fcsseldorf mit \u00fcber 20 Jahren Erfahrung. Von TV-Produktionen, Werbungen, Livestreams bis hin zu Social Media-Kampagnen setzen wir Ihre Projekte kreativ und zielgerecht um.","publisher":{"@id":"https:\/\/public-vision.tv\/#organization"},"potentialAction":[{"@type":"SearchAction","target":{"@type":"EntryPoint","urlTemplate":"https:\/\/public-vision.tv\/?s={search_term_string}"},"query-input":{"@type":"PropertyValueSpecification","valueRequired":true,"valueName":"search_term_string"}}],"inLanguage":"en-US"},{"@type":"Organization","@id":"https:\/\/public-vision.tv\/#organization","name":"public vision - Videoproduktion und Filmproduktion aus D\u00fcsseldorf","url":"https:\/\/public-vision.tv\/","logo":{"@type":"ImageObject","inLanguage":"en-US","@id":"https:\/\/public-vision.tv\/#\/schema\/logo\/image\/","url":"https:\/\/public-vision.tv\/wp-content\/uploads\/2023\/03\/cropped-cropped-PV_Logo_2048x1152.png","contentUrl":"https:\/\/public-vision.tv\/wp-content\/uploads\/2023\/03\/cropped-cropped-PV_Logo_2048x1152.png","width":2047,"height":683,"caption":"public vision - Videoproduktion und Filmproduktion aus D\u00fcsseldorf"},"image":{"@id":"https:\/\/public-vision.tv\/#\/schema\/logo\/image\/"},"sameAs":["https:\/\/www.facebook.com\/publicvision.de\/","https:\/\/www.youtube.com\/user\/publicvisiontv","https:\/\/www.instagram.com\/public_vision\/?hl=de","https:\/\/www.tiktok.com\/@public_vision_gmbh"]}]}},"_links":{"self":[{"href":"https:\/\/public-vision.tv\/en\/wp-json\/wp\/v2\/pages\/3139","targetHints":{"allow":["GET"]}}],"collection":[{"href":"https:\/\/public-vision.tv\/en\/wp-json\/wp\/v2\/pages"}],"about":[{"href":"https:\/\/public-vision.tv\/en\/wp-json\/wp\/v2\/types\/page"}],"author":[{"embeddable":true,"href":"https:\/\/public-vision.tv\/en\/wp-json\/wp\/v2\/users\/3"}],"replies":[{"embeddable":true,"href":"https:\/\/public-vision.tv\/en\/wp-json\/wp\/v2\/comments?post=3139"}],"version-history":[{"count":0,"href":"https:\/\/public-vision.tv\/en\/wp-json\/wp\/v2\/pages\/3139\/revisions"}],"wp:attachment":[{"href":"https:\/\/public-vision.tv\/en\/wp-json\/wp\/v2\/media?parent=3139"}],"curies":[{"name":"wp","href":"https:\/\/api.w.org\/{rel}","templated":true}]}}