{"id":3456,"date":"2024-05-09T20:38:38","date_gmt":"2024-05-09T18:38:38","guid":{"rendered":"https:\/\/public-vision.tv\/?page_id=3456"},"modified":"2026-01-28T15:12:33","modified_gmt":"2026-01-28T14:12:33","slug":"architektenkammer-nrw","status":"publish","type":"page","link":"https:\/\/public-vision.tv\/en\/architektenkammer-nrw\/","title":{"rendered":"Architektenkammer NRW"},"content":{"rendered":"<h1 class=\"wp-block-heading has-text-align-center alignwide has-white-color has-text-color has-background-color has-system-font-font-family has-xx-large-font-size\" style=\"margin-top:var(--wp--preset--spacing--50);margin-right:var(--wp--preset--spacing--50);margin-bottom:var(--wp--preset--spacing--50);margin-left:var(--wp--preset--spacing--50);padding-top:0;padding-right:0;padding-bottom:0;padding-left:0;font-style:normal;font-weight:1000;letter-spacing:0px;line-height:1.5;text-transform:uppercase\">Architektenkammer NRW <br>Livestream<\/h1>\n\n\n\n<div class=\"wp-block-essential-blocks-advanced-video alignwide  root-eb-advanced-video-2wmw1o3\"><div class=\"eb-parent-wrapper eb-parent-eb-advanced-video-2wmw1o3\"><div class=\"eb-advanced-video-wrapper eb-advanced-video-2wmw1o3 none\" data-id=\"eb-advanced-video-2wmw1o3\"><div class=\"eb-player-wrapper eb-advanced-video-2wmw1o3\"><div class=\"eb-player-option none right\" data-id=\"eb-advanced-video-2wmw1o3\" data-url=\"https:\/\/vimeo.com\/940873884\/5417e465c9\" data-option=\"none\" data-controls=\"true\" data-loop=\"false\" data-muted=\"true\" data-playing=\"true\" data-overlay=\"true\" data-light=\"https:\/\/public-vision.tv\/wp-content\/uploads\/2023\/08\/27I9686.jpg\" data-customplayicontype=\"image\" data-customplayiconlib=\"fas fa-play-circle\" data-customplayicon=\"false\" data-playicon=\"https:\/\/public-vision.tv\/wp-content\/plugins\/essential-blocks\/assets\/images\/adv-video-playicon.svg\" data-download=\"false\"><\/div><\/div><\/div><\/div><\/div>\n\n\n\n<hr class=\"wp-block-separator has-alpha-channel-opacity\"\/>\n\n\n\n<p class=\"has-background-color has-text-color has-link-color wp-elements-35084be68fb470c144d17c7544fc1614\">We also produce live streams of all sizes \u2013 from press conferences to elaborate multi-camera productions in the style of a TV talk show with studio guests and moderators. One example of this is the streamed New Year's talk by the North Rhine-Westphalia Chamber of Architects, which replaced the in-person event due to the pandemic. We setup the temporary studio in the foyer of the Chamber of Architects. Stage, lighting and multi-camera production with mobile direction \u2013 all from a single source.<\/p>\n\n\n\n<div class=\"wp-block-columns is-layout-flex wp-container-core-columns-is-layout-d0b3c9c8 wp-block-columns-is-layout-flex\">\n<div class=\"wp-block-column is-layout-flow wp-block-column-is-layout-flow\">\n<figure class=\"wp-block-image size-large\"><img loading=\"lazy\" decoding=\"async\" width=\"1024\" height=\"1024\" src=\"https:\/\/public-vision.tv\/wp-content\/uploads\/2024\/05\/AKNRW-4-1024x1024.jpg\" alt=\"\" class=\"wp-image-3497\" srcset=\"https:\/\/public-vision.tv\/wp-content\/uploads\/2024\/05\/AKNRW-4-1024x1024.jpg 1024w, https:\/\/public-vision.tv\/wp-content\/uploads\/2024\/05\/AKNRW-4-300x300.jpg 300w, https:\/\/public-vision.tv\/wp-content\/uploads\/2024\/05\/AKNRW-4-150x150.jpg 150w, https:\/\/public-vision.tv\/wp-content\/uploads\/2024\/05\/AKNRW-4-768x768.jpg 768w, https:\/\/public-vision.tv\/wp-content\/uploads\/2024\/05\/AKNRW-4-1536x1536.jpg 1536w, https:\/\/public-vision.tv\/wp-content\/uploads\/2024\/05\/AKNRW-4-12x12.jpg 12w, https:\/\/public-vision.tv\/wp-content\/uploads\/2024\/05\/AKNRW-4.jpg 2048w\" sizes=\"auto, (max-width: 1024px) 100vw, 1024px\" \/><\/figure>\n<\/div>\n\n\n\n<div class=\"wp-block-column is-layout-flow wp-block-column-is-layout-flow\">\n<figure class=\"wp-block-image size-large\"><img loading=\"lazy\" decoding=\"async\" width=\"1024\" height=\"1024\" src=\"https:\/\/public-vision.tv\/wp-content\/uploads\/2024\/05\/AKNRW-1-1024x1024.jpg\" alt=\"\" class=\"wp-image-3498\" srcset=\"https:\/\/public-vision.tv\/wp-content\/uploads\/2024\/05\/AKNRW-1-1024x1024.jpg 1024w, https:\/\/public-vision.tv\/wp-content\/uploads\/2024\/05\/AKNRW-1-300x300.jpg 300w, https:\/\/public-vision.tv\/wp-content\/uploads\/2024\/05\/AKNRW-1-150x150.jpg 150w, https:\/\/public-vision.tv\/wp-content\/uploads\/2024\/05\/AKNRW-1-768x768.jpg 768w, https:\/\/public-vision.tv\/wp-content\/uploads\/2024\/05\/AKNRW-1-1536x1536.jpg 1536w, https:\/\/public-vision.tv\/wp-content\/uploads\/2024\/05\/AKNRW-1-12x12.jpg 12w, https:\/\/public-vision.tv\/wp-content\/uploads\/2024\/05\/AKNRW-1.jpg 2048w\" sizes=\"auto, (max-width: 1024px) 100vw, 1024px\" \/><\/figure>\n<\/div>\n<\/div>\n\n\n\n<div style=\"height:5px\" aria-hidden=\"true\" class=\"wp-block-spacer\"><\/div>\n\n\n\n<figure class=\"wp-block-image size-large\"><img decoding=\"async\" src=\"https:\/\/public-vision.tv\/wp-content\/uploads\/2024\/05\/27I9631-1024x1024.jpg\" alt=\"\" class=\"wp-image-3503\"\/><\/figure>\n\n\n\n<figure class=\"wp-block-image size-large\"><img loading=\"lazy\" decoding=\"async\" width=\"1024\" height=\"1024\" src=\"https:\/\/public-vision.tv\/wp-content\/uploads\/2024\/05\/27I9621-2-1024x1024.jpg\" alt=\"\" class=\"wp-image-3499\" srcset=\"https:\/\/public-vision.tv\/wp-content\/uploads\/2024\/05\/27I9621-2-1024x1024.jpg 1024w, https:\/\/public-vision.tv\/wp-content\/uploads\/2024\/05\/27I9621-2-300x300.jpg 300w, https:\/\/public-vision.tv\/wp-content\/uploads\/2024\/05\/27I9621-2-150x150.jpg 150w, https:\/\/public-vision.tv\/wp-content\/uploads\/2024\/05\/27I9621-2-768x768.jpg 768w, https:\/\/public-vision.tv\/wp-content\/uploads\/2024\/05\/27I9621-2-1536x1536.jpg 1536w, https:\/\/public-vision.tv\/wp-content\/uploads\/2024\/05\/27I9621-2-12x12.jpg 12w, https:\/\/public-vision.tv\/wp-content\/uploads\/2024\/05\/27I9621-2.jpg 2048w\" sizes=\"auto, (max-width: 1024px) 100vw, 1024px\" \/><\/figure>\n\n\n\n<figure class=\"wp-block-image size-large\"><img loading=\"lazy\" decoding=\"async\" width=\"1024\" height=\"1024\" src=\"https:\/\/public-vision.tv\/wp-content\/uploads\/2024\/05\/AKNRW-1-1-1024x1024.jpg\" alt=\"\" class=\"wp-image-3500\" srcset=\"https:\/\/public-vision.tv\/wp-content\/uploads\/2024\/05\/AKNRW-1-1-1024x1024.jpg 1024w, https:\/\/public-vision.tv\/wp-content\/uploads\/2024\/05\/AKNRW-1-1-300x300.jpg 300w, https:\/\/public-vision.tv\/wp-content\/uploads\/2024\/05\/AKNRW-1-1-150x150.jpg 150w, https:\/\/public-vision.tv\/wp-content\/uploads\/2024\/05\/AKNRW-1-1-768x768.jpg 768w, https:\/\/public-vision.tv\/wp-content\/uploads\/2024\/05\/AKNRW-1-1-1536x1536.jpg 1536w, https:\/\/public-vision.tv\/wp-content\/uploads\/2024\/05\/AKNRW-1-1-12x12.jpg 12w, https:\/\/public-vision.tv\/wp-content\/uploads\/2024\/05\/AKNRW-1-1.jpg 2048w\" sizes=\"auto, (max-width: 1024px) 100vw, 1024px\" \/><\/figure>","protected":false},"excerpt":{"rendered":"<p>Architektenkammer NRW Livestream Wir produzieren auch Livestreams in jeder Gr\u00f6\u00dfenordnung &#8211; von Pressekonferenzen bis zu aufwendigen Mehrkameraproduktionen im Stil einer TV-Talkrunde mit Studiog\u00e4sten und Moderation. Ein Beispiel hierf\u00fcr ist der gestreamte Neujahrstalk der Architektenkammer NRW, der, pandemiebedingt, die Pr\u00e4senzveranstaltung ersetzte. Das provisorische Studio richteten wir im Foyer der Architektenkammer ein. B\u00fchne, Beleuchtung und die Mehrkameraproduktion [&hellip;]<\/p>\n","protected":false},"author":3,"featured_media":0,"parent":0,"menu_order":0,"comment_status":"closed","ping_status":"closed","template":"page-large-header","meta":{"_eb_attr":"","footnotes":""},"class_list":["post-3456","page","type-page","status-publish","hentry"],"yoast_head":"<!-- This site is optimized with the Yoast SEO plugin v27.5 - https:\/\/yoast.com\/product\/yoast-seo-wordpress\/ -->\n<title>Architektenkammer NRW Videoproduktion &amp; Livestream Referenz | public vision<\/title>\n<meta name=\"description\" content=\"Die public vision GmbH produziert Livestreams f\u00fcr die Architektenkammer Nordrhein-Westfalen im Stil einer TV-Talkrunde.\" \/>\n<meta name=\"robots\" content=\"index, follow, max-snippet:-1, max-image-preview:large, max-video-preview:-1\" \/>\n<link rel=\"canonical\" href=\"https:\/\/public-vision.tv\/en\/architektenkammer-nrw\/\" \/>\n<meta property=\"og:locale\" content=\"en_US\" \/>\n<meta property=\"og:type\" content=\"article\" \/>\n<meta property=\"og:title\" content=\"Architektenkammer NRW Videoproduktion &amp; Livestream Referenz | public vision\" \/>\n<meta property=\"og:description\" content=\"Die public vision GmbH produziert Livestreams f\u00fcr die Architektenkammer Nordrhein-Westfalen im Stil einer TV-Talkrunde.\" \/>\n<meta property=\"og:url\" content=\"https:\/\/public-vision.tv\/en\/architektenkammer-nrw\/\" \/>\n<meta property=\"og:site_name\" content=\"public vision - Videoproduktion und Filmproduktion aus D\u00fcsseldorf\" \/>\n<meta property=\"article:publisher\" content=\"https:\/\/www.facebook.com\/publicvision.de\/\" \/>\n<meta property=\"article:modified_time\" content=\"2026-01-28T14:12:33+00:00\" \/>\n<meta property=\"og:image\" content=\"https:\/\/public-vision.tv\/wp-content\/uploads\/2024\/05\/AKNRW-4.jpg\" \/>\n\t<meta property=\"og:image:width\" content=\"2048\" \/>\n\t<meta property=\"og:image:height\" content=\"2048\" \/>\n\t<meta property=\"og:image:type\" content=\"image\/jpeg\" \/>\n<meta name=\"twitter:card\" content=\"summary_large_image\" \/>\n<meta name=\"twitter:label1\" content=\"Est. reading time\" \/>\n\t<meta name=\"twitter:data1\" content=\"2 minutes\" \/>\n<script type=\"application\/ld+json\" class=\"yoast-schema-graph\">{\"@context\":\"https:\\\/\\\/schema.org\",\"@graph\":[{\"@type\":\"WebPage\",\"@id\":\"https:\\\/\\\/public-vision.tv\\\/architektenkammer-nrw\\\/\",\"url\":\"https:\\\/\\\/public-vision.tv\\\/architektenkammer-nrw\\\/\",\"name\":\"Architektenkammer NRW Videoproduktion & Livestream Referenz | public vision\",\"isPartOf\":{\"@id\":\"https:\\\/\\\/public-vision.tv\\\/#website\"},\"primaryImageOfPage\":{\"@id\":\"https:\\\/\\\/public-vision.tv\\\/architektenkammer-nrw\\\/#primaryimage\"},\"image\":{\"@id\":\"https:\\\/\\\/public-vision.tv\\\/architektenkammer-nrw\\\/#primaryimage\"},\"thumbnailUrl\":\"https:\\\/\\\/public-vision.tv\\\/wp-content\\\/uploads\\\/2024\\\/05\\\/AKNRW-4-1024x1024.jpg\",\"datePublished\":\"2024-05-09T18:38:38+00:00\",\"dateModified\":\"2026-01-28T14:12:33+00:00\",\"description\":\"Die public vision GmbH produziert Livestreams f\u00fcr die Architektenkammer Nordrhein-Westfalen im Stil einer TV-Talkrunde.\",\"breadcrumb\":{\"@id\":\"https:\\\/\\\/public-vision.tv\\\/architektenkammer-nrw\\\/#breadcrumb\"},\"inLanguage\":\"en-US\",\"potentialAction\":[{\"@type\":\"ReadAction\",\"target\":[\"https:\\\/\\\/public-vision.tv\\\/architektenkammer-nrw\\\/\"]}]},{\"@type\":\"ImageObject\",\"inLanguage\":\"en-US\",\"@id\":\"https:\\\/\\\/public-vision.tv\\\/architektenkammer-nrw\\\/#primaryimage\",\"url\":\"https:\\\/\\\/public-vision.tv\\\/wp-content\\\/uploads\\\/2024\\\/05\\\/AKNRW-4-1024x1024.jpg\",\"contentUrl\":\"https:\\\/\\\/public-vision.tv\\\/wp-content\\\/uploads\\\/2024\\\/05\\\/AKNRW-4-1024x1024.jpg\"},{\"@type\":\"BreadcrumbList\",\"@id\":\"https:\\\/\\\/public-vision.tv\\\/architektenkammer-nrw\\\/#breadcrumb\",\"itemListElement\":[{\"@type\":\"ListItem\",\"position\":1,\"name\":\"Startseite\",\"item\":\"https:\\\/\\\/public-vision.tv\\\/\"},{\"@type\":\"ListItem\",\"position\":2,\"name\":\"Architektenkammer NRW\"}]},{\"@type\":\"WebSite\",\"@id\":\"https:\\\/\\\/public-vision.tv\\\/#website\",\"url\":\"https:\\\/\\\/public-vision.tv\\\/\",\"name\":\"public vision - Videoproduktion und Filmproduktion aus D\u00fcsseldorf\",\"description\":\"public vision GmbH ist eine Film- und Videoproduktionsfirma aus D\u00fcsseldorf mit \u00fcber 20 Jahren Erfahrung. Von TV-Produktionen, Werbungen, Livestreams bis hin zu Social Media-Kampagnen setzen wir Ihre Projekte kreativ und zielgerecht um.\",\"publisher\":{\"@id\":\"https:\\\/\\\/public-vision.tv\\\/#organization\"},\"potentialAction\":[{\"@type\":\"SearchAction\",\"target\":{\"@type\":\"EntryPoint\",\"urlTemplate\":\"https:\\\/\\\/public-vision.tv\\\/?s={search_term_string}\"},\"query-input\":{\"@type\":\"PropertyValueSpecification\",\"valueRequired\":true,\"valueName\":\"search_term_string\"}}],\"inLanguage\":\"en-US\"},{\"@type\":\"Organization\",\"@id\":\"https:\\\/\\\/public-vision.tv\\\/#organization\",\"name\":\"public vision - Videoproduktion und Filmproduktion aus D\u00fcsseldorf\",\"url\":\"https:\\\/\\\/public-vision.tv\\\/\",\"logo\":{\"@type\":\"ImageObject\",\"inLanguage\":\"en-US\",\"@id\":\"https:\\\/\\\/public-vision.tv\\\/#\\\/schema\\\/logo\\\/image\\\/\",\"url\":\"https:\\\/\\\/public-vision.tv\\\/wp-content\\\/uploads\\\/2023\\\/03\\\/cropped-cropped-PV_Logo_2048x1152.png\",\"contentUrl\":\"https:\\\/\\\/public-vision.tv\\\/wp-content\\\/uploads\\\/2023\\\/03\\\/cropped-cropped-PV_Logo_2048x1152.png\",\"width\":2047,\"height\":683,\"caption\":\"public vision - Videoproduktion und Filmproduktion aus D\u00fcsseldorf\"},\"image\":{\"@id\":\"https:\\\/\\\/public-vision.tv\\\/#\\\/schema\\\/logo\\\/image\\\/\"},\"sameAs\":[\"https:\\\/\\\/www.facebook.com\\\/publicvision.de\\\/\",\"https:\\\/\\\/www.youtube.com\\\/user\\\/publicvisiontv\",\"https:\\\/\\\/www.instagram.com\\\/public_vision\\\/?hl=de\",\"https:\\\/\\\/www.tiktok.com\\\/@public_vision_gmbh\"]}]}<\/script>\n<!-- \/ Yoast SEO plugin. -->","yoast_head_json":{"title":"Architektenkammer NRW Videoproduktion & Livestream Referenz | public vision","description":"Die public vision GmbH produziert Livestreams f\u00fcr die Architektenkammer Nordrhein-Westfalen im Stil einer TV-Talkrunde.","robots":{"index":"index","follow":"follow","max-snippet":"max-snippet:-1","max-image-preview":"max-image-preview:large","max-video-preview":"max-video-preview:-1"},"canonical":"https:\/\/public-vision.tv\/en\/architektenkammer-nrw\/","og_locale":"en_US","og_type":"article","og_title":"Architektenkammer NRW Videoproduktion & Livestream Referenz | public vision","og_description":"Die public vision GmbH produziert Livestreams f\u00fcr die Architektenkammer Nordrhein-Westfalen im Stil einer TV-Talkrunde.","og_url":"https:\/\/public-vision.tv\/en\/architektenkammer-nrw\/","og_site_name":"public vision - Videoproduktion und Filmproduktion aus D\u00fcsseldorf","article_publisher":"https:\/\/www.facebook.com\/publicvision.de\/","article_modified_time":"2026-01-28T14:12:33+00:00","og_image":[{"width":2048,"height":2048,"url":"https:\/\/public-vision.tv\/wp-content\/uploads\/2024\/05\/AKNRW-4.jpg","type":"image\/jpeg"}],"twitter_card":"summary_large_image","twitter_misc":{"Est. reading time":"2 minutes"},"schema":{"@context":"https:\/\/schema.org","@graph":[{"@type":"WebPage","@id":"https:\/\/public-vision.tv\/architektenkammer-nrw\/","url":"https:\/\/public-vision.tv\/architektenkammer-nrw\/","name":"Architektenkammer NRW Videoproduktion & Livestream Referenz | public vision","isPartOf":{"@id":"https:\/\/public-vision.tv\/#website"},"primaryImageOfPage":{"@id":"https:\/\/public-vision.tv\/architektenkammer-nrw\/#primaryimage"},"image":{"@id":"https:\/\/public-vision.tv\/architektenkammer-nrw\/#primaryimage"},"thumbnailUrl":"https:\/\/public-vision.tv\/wp-content\/uploads\/2024\/05\/AKNRW-4-1024x1024.jpg","datePublished":"2024-05-09T18:38:38+00:00","dateModified":"2026-01-28T14:12:33+00:00","description":"Die public vision GmbH produziert Livestreams f\u00fcr die Architektenkammer Nordrhein-Westfalen im Stil einer TV-Talkrunde.","breadcrumb":{"@id":"https:\/\/public-vision.tv\/architektenkammer-nrw\/#breadcrumb"},"inLanguage":"en-US","potentialAction":[{"@type":"ReadAction","target":["https:\/\/public-vision.tv\/architektenkammer-nrw\/"]}]},{"@type":"ImageObject","inLanguage":"en-US","@id":"https:\/\/public-vision.tv\/architektenkammer-nrw\/#primaryimage","url":"https:\/\/public-vision.tv\/wp-content\/uploads\/2024\/05\/AKNRW-4-1024x1024.jpg","contentUrl":"https:\/\/public-vision.tv\/wp-content\/uploads\/2024\/05\/AKNRW-4-1024x1024.jpg"},{"@type":"BreadcrumbList","@id":"https:\/\/public-vision.tv\/architektenkammer-nrw\/#breadcrumb","itemListElement":[{"@type":"ListItem","position":1,"name":"Startseite","item":"https:\/\/public-vision.tv\/"},{"@type":"ListItem","position":2,"name":"Architektenkammer NRW"}]},{"@type":"WebSite","@id":"https:\/\/public-vision.tv\/#website","url":"https:\/\/public-vision.tv\/","name":"public vision - Videoproduktion und Filmproduktion aus D\u00fcsseldorf","description":"public vision GmbH ist eine Film- und Videoproduktionsfirma aus D\u00fcsseldorf mit \u00fcber 20 Jahren Erfahrung. Von TV-Produktionen, Werbungen, Livestreams bis hin zu Social Media-Kampagnen setzen wir Ihre Projekte kreativ und zielgerecht um.","publisher":{"@id":"https:\/\/public-vision.tv\/#organization"},"potentialAction":[{"@type":"SearchAction","target":{"@type":"EntryPoint","urlTemplate":"https:\/\/public-vision.tv\/?s={search_term_string}"},"query-input":{"@type":"PropertyValueSpecification","valueRequired":true,"valueName":"search_term_string"}}],"inLanguage":"en-US"},{"@type":"Organization","@id":"https:\/\/public-vision.tv\/#organization","name":"public vision - Videoproduktion und Filmproduktion aus D\u00fcsseldorf","url":"https:\/\/public-vision.tv\/","logo":{"@type":"ImageObject","inLanguage":"en-US","@id":"https:\/\/public-vision.tv\/#\/schema\/logo\/image\/","url":"https:\/\/public-vision.tv\/wp-content\/uploads\/2023\/03\/cropped-cropped-PV_Logo_2048x1152.png","contentUrl":"https:\/\/public-vision.tv\/wp-content\/uploads\/2023\/03\/cropped-cropped-PV_Logo_2048x1152.png","width":2047,"height":683,"caption":"public vision - Videoproduktion und Filmproduktion aus D\u00fcsseldorf"},"image":{"@id":"https:\/\/public-vision.tv\/#\/schema\/logo\/image\/"},"sameAs":["https:\/\/www.facebook.com\/publicvision.de\/","https:\/\/www.youtube.com\/user\/publicvisiontv","https:\/\/www.instagram.com\/public_vision\/?hl=de","https:\/\/www.tiktok.com\/@public_vision_gmbh"]}]}},"_links":{"self":[{"href":"https:\/\/public-vision.tv\/en\/wp-json\/wp\/v2\/pages\/3456","targetHints":{"allow":["GET"]}}],"collection":[{"href":"https:\/\/public-vision.tv\/en\/wp-json\/wp\/v2\/pages"}],"about":[{"href":"https:\/\/public-vision.tv\/en\/wp-json\/wp\/v2\/types\/page"}],"author":[{"embeddable":true,"href":"https:\/\/public-vision.tv\/en\/wp-json\/wp\/v2\/users\/3"}],"replies":[{"embeddable":true,"href":"https:\/\/public-vision.tv\/en\/wp-json\/wp\/v2\/comments?post=3456"}],"version-history":[{"count":2,"href":"https:\/\/public-vision.tv\/en\/wp-json\/wp\/v2\/pages\/3456\/revisions"}],"predecessor-version":[{"id":4193,"href":"https:\/\/public-vision.tv\/en\/wp-json\/wp\/v2\/pages\/3456\/revisions\/4193"}],"wp:attachment":[{"href":"https:\/\/public-vision.tv\/en\/wp-json\/wp\/v2\/media?parent=3456"}],"curies":[{"name":"wp","href":"https:\/\/api.w.org\/{rel}","templated":true}]}}