{"id":3460,"date":"2024-05-23T14:49:29","date_gmt":"2024-05-23T12:49:29","guid":{"rendered":"https:\/\/public-vision.tv\/?page_id=3460"},"modified":"2026-01-28T15:21:14","modified_gmt":"2026-01-28T14:21:14","slug":"neno-belan","status":"publish","type":"page","link":"https:\/\/public-vision.tv\/en\/neno-belan\/","title":{"rendered":"Neno Belan"},"content":{"rendered":"<h1 class=\"wp-block-heading has-text-align-center alignwide has-white-color has-text-color has-background-color has-system-font-font-family has-xx-large-font-size\" style=\"margin-top:var(--wp--preset--spacing--50);margin-right:var(--wp--preset--spacing--50);margin-bottom:var(--wp--preset--spacing--50);margin-left:var(--wp--preset--spacing--50);padding-top:0;padding-right:0;padding-bottom:0;padding-left:0;font-style:normal;font-weight:1000;letter-spacing:0px;line-height:1.5;text-transform:uppercase\">NENO BELAN KOCHT<\/h1>\n\n\n\n<div class=\"wp-block-essential-blocks-advanced-video alignwide  root-eb-advanced-video-2wmw1o3\"><div class=\"eb-parent-wrapper eb-parent-eb-advanced-video-2wmw1o3\"><div class=\"eb-advanced-video-wrapper eb-advanced-video-2wmw1o3 none\" data-id=\"eb-advanced-video-2wmw1o3\"><div class=\"eb-player-wrapper eb-advanced-video-2wmw1o3\"><div class=\"eb-player-option none right\" data-id=\"eb-advanced-video-2wmw1o3\" data-url=\"https:\/\/youtu.be\/Z-4gkYPOaGs\" data-option=\"none\" data-controls=\"true\" data-loop=\"false\" data-muted=\"true\" data-playing=\"true\" data-overlay=\"true\" data-light=\"https:\/\/public-vision.tv\/wp-content\/uploads\/2023\/08\/DSC03304.jpg\" data-customplayicontype=\"image\" data-customplayiconlib=\"fas fa-play-circle\" data-customplayicon=\"false\" data-playicon=\"https:\/\/public-vision.tv\/wp-content\/plugins\/essential-blocks\/assets\/images\/adv-video-playicon.svg\" data-download=\"false\"><\/div><\/div><\/div><\/div><\/div>\n\n\n\n<hr class=\"wp-block-separator has-alpha-channel-opacity\"\/>\n\n\n\n<p class=\"has-background-color has-text-color has-link-color wp-elements-90bd3424e83669b0e8e71b8bd11d56da\">We regularly produce videos in Croatia for our own platform, www.Istrienreise.de. This cooking video with Neno Belan was created against this backdrop. Neno Belan is a legend in his homeland. With his former band \u0110avoli and his current band, Neno Belan &amp; Fiumens, he has been and continues to be at the forefront of the country's charts and stages. In this video, we see him in a completely different role. Exclusively for our film, he cooks one of his favourite dishes \u2013 braised Adriatic squid. He presents the dish in an open-air kitchen above the village of Mo\u0161\u0107enice, against the magnificent backdrop of Kvarner Bay.<\/p>\n\n\n\n<div class=\"wp-block-columns is-layout-flex wp-container-core-columns-is-layout-d0b3c9c8 wp-block-columns-is-layout-flex\">\n<div class=\"wp-block-column is-layout-flow wp-block-column-is-layout-flow\">\n<figure class=\"wp-block-image size-large\"><img loading=\"lazy\" decoding=\"async\" width=\"1024\" height=\"684\" src=\"https:\/\/public-vision.tv\/wp-content\/uploads\/2024\/05\/DSC03351-1024x684.jpg\" alt=\"\" class=\"wp-image-3506\" srcset=\"https:\/\/public-vision.tv\/wp-content\/uploads\/2024\/05\/DSC03351-1024x684.jpg 1024w, https:\/\/public-vision.tv\/wp-content\/uploads\/2024\/05\/DSC03351-300x200.jpg 300w, https:\/\/public-vision.tv\/wp-content\/uploads\/2024\/05\/DSC03351-768x513.jpg 768w, https:\/\/public-vision.tv\/wp-content\/uploads\/2024\/05\/DSC03351-1536x1026.jpg 1536w, https:\/\/public-vision.tv\/wp-content\/uploads\/2024\/05\/DSC03351-18x12.jpg 18w, https:\/\/public-vision.tv\/wp-content\/uploads\/2024\/05\/DSC03351.jpg 2048w\" sizes=\"auto, (max-width: 1024px) 100vw, 1024px\" \/><\/figure>\n<\/div>\n\n\n\n<div class=\"wp-block-column is-layout-flow wp-block-column-is-layout-flow\">\n<figure class=\"wp-block-image size-large\"><img loading=\"lazy\" decoding=\"async\" width=\"1024\" height=\"684\" src=\"https:\/\/public-vision.tv\/wp-content\/uploads\/2024\/05\/DSC03452-1024x684.jpg\" alt=\"\" class=\"wp-image-3508\" srcset=\"https:\/\/public-vision.tv\/wp-content\/uploads\/2024\/05\/DSC03452-1024x684.jpg 1024w, https:\/\/public-vision.tv\/wp-content\/uploads\/2024\/05\/DSC03452-300x200.jpg 300w, https:\/\/public-vision.tv\/wp-content\/uploads\/2024\/05\/DSC03452-768x513.jpg 768w, https:\/\/public-vision.tv\/wp-content\/uploads\/2024\/05\/DSC03452-1536x1026.jpg 1536w, https:\/\/public-vision.tv\/wp-content\/uploads\/2024\/05\/DSC03452-18x12.jpg 18w, https:\/\/public-vision.tv\/wp-content\/uploads\/2024\/05\/DSC03452.jpg 2048w\" sizes=\"auto, (max-width: 1024px) 100vw, 1024px\" \/><\/figure>\n<\/div>\n<\/div>\n\n\n\n<div style=\"height:5px\" aria-hidden=\"true\" class=\"wp-block-spacer\"><\/div>\n\n\n\n<figure class=\"wp-block-image size-large\"><img loading=\"lazy\" decoding=\"async\" width=\"1024\" height=\"684\" src=\"https:\/\/public-vision.tv\/wp-content\/uploads\/2024\/05\/DSC03465-1024x684.jpg\" alt=\"\" class=\"wp-image-3509\" srcset=\"https:\/\/public-vision.tv\/wp-content\/uploads\/2024\/05\/DSC03465-1024x684.jpg 1024w, https:\/\/public-vision.tv\/wp-content\/uploads\/2024\/05\/DSC03465-300x200.jpg 300w, https:\/\/public-vision.tv\/wp-content\/uploads\/2024\/05\/DSC03465-768x513.jpg 768w, https:\/\/public-vision.tv\/wp-content\/uploads\/2024\/05\/DSC03465-1536x1026.jpg 1536w, https:\/\/public-vision.tv\/wp-content\/uploads\/2024\/05\/DSC03465-18x12.jpg 18w, https:\/\/public-vision.tv\/wp-content\/uploads\/2024\/05\/DSC03465.jpg 2048w\" sizes=\"auto, (max-width: 1024px) 100vw, 1024px\" \/><\/figure>\n\n\n\n<figure class=\"wp-block-image size-large\"><img loading=\"lazy\" decoding=\"async\" width=\"1024\" height=\"1024\" src=\"https:\/\/public-vision.tv\/wp-content\/uploads\/2023\/04\/DSC03181-1024x1024.jpg\" alt=\"\" class=\"wp-image-1694\" srcset=\"https:\/\/public-vision.tv\/wp-content\/uploads\/2023\/04\/DSC03181-1024x1024.jpg 1024w, https:\/\/public-vision.tv\/wp-content\/uploads\/2023\/04\/DSC03181-300x300.jpg 300w, https:\/\/public-vision.tv\/wp-content\/uploads\/2023\/04\/DSC03181-150x150.jpg 150w, https:\/\/public-vision.tv\/wp-content\/uploads\/2023\/04\/DSC03181-768x768.jpg 768w, https:\/\/public-vision.tv\/wp-content\/uploads\/2023\/04\/DSC03181-1536x1536.jpg 1536w, https:\/\/public-vision.tv\/wp-content\/uploads\/2023\/04\/DSC03181-2048x2048.jpg 2048w\" sizes=\"auto, (max-width: 1024px) 100vw, 1024px\" \/><\/figure>\n\n\n\n<figure class=\"wp-block-image size-full\"><img loading=\"lazy\" decoding=\"async\" width=\"2048\" height=\"1368\" src=\"https:\/\/public-vision.tv\/wp-content\/uploads\/2024\/05\/DSC03524.jpg\" alt=\"\" class=\"wp-image-3507\" srcset=\"https:\/\/public-vision.tv\/wp-content\/uploads\/2024\/05\/DSC03524.jpg 2048w, https:\/\/public-vision.tv\/wp-content\/uploads\/2024\/05\/DSC03524-300x200.jpg 300w, https:\/\/public-vision.tv\/wp-content\/uploads\/2024\/05\/DSC03524-1024x684.jpg 1024w, https:\/\/public-vision.tv\/wp-content\/uploads\/2024\/05\/DSC03524-768x513.jpg 768w, https:\/\/public-vision.tv\/wp-content\/uploads\/2024\/05\/DSC03524-1536x1026.jpg 1536w, https:\/\/public-vision.tv\/wp-content\/uploads\/2024\/05\/DSC03524-18x12.jpg 18w\" sizes=\"auto, (max-width: 2048px) 100vw, 2048px\" \/><\/figure>\n\n\n\n<figure class=\"wp-block-image size-large\"><img loading=\"lazy\" decoding=\"async\" width=\"1024\" height=\"684\" src=\"https:\/\/public-vision.tv\/wp-content\/uploads\/2024\/05\/DSC03398-1024x684.jpg\" alt=\"\" class=\"wp-image-3510\" srcset=\"https:\/\/public-vision.tv\/wp-content\/uploads\/2024\/05\/DSC03398-1024x684.jpg 1024w, https:\/\/public-vision.tv\/wp-content\/uploads\/2024\/05\/DSC03398-300x200.jpg 300w, https:\/\/public-vision.tv\/wp-content\/uploads\/2024\/05\/DSC03398-768x513.jpg 768w, https:\/\/public-vision.tv\/wp-content\/uploads\/2024\/05\/DSC03398-1536x1026.jpg 1536w, https:\/\/public-vision.tv\/wp-content\/uploads\/2024\/05\/DSC03398-18x12.jpg 18w, https:\/\/public-vision.tv\/wp-content\/uploads\/2024\/05\/DSC03398.jpg 2048w\" sizes=\"auto, (max-width: 1024px) 100vw, 1024px\" \/><\/figure>","protected":false},"excerpt":{"rendered":"<p>NENO BELAN KOCHT F\u00fcr unsere eigenen Plattform www.Istrienreise.de produzieren wir immer wieder auch Videos in Kroatien. Vor diesem Hintergrund entstand dieses Kochvideo mit Neno Belan. In seiner Heimat ist Neno Belan eine Legende. Mit seiner ehemaligen Band \u0110avoli und der aktuellen, Neno Belan &amp; Fiumens, spielte und spielt er in den Charts und auf den [&hellip;]<\/p>\n","protected":false},"author":3,"featured_media":0,"parent":0,"menu_order":0,"comment_status":"closed","ping_status":"closed","template":"page-large-header","meta":{"_eb_attr":"","footnotes":""},"class_list":["post-3460","page","type-page","status-publish","hentry"],"yoast_head":"<!-- This site is optimized with the Yoast SEO plugin v27.5 - https:\/\/yoast.com\/product\/yoast-seo-wordpress\/ -->\n<title>Neno Belan Videoproduktion Referenz \u2013 Kochvideo in Kroatien<\/title>\n<meta name=\"description\" content=\"Videoproduktion mit Musiklegende Neno Belan beim Kochen an der Adria\u2011K\u00fcste. Kreatives Kochvideo mit stimmungsvollen Bildern von Kvarner.\" \/>\n<meta name=\"robots\" content=\"index, follow, max-snippet:-1, max-image-preview:large, max-video-preview:-1\" \/>\n<link rel=\"canonical\" href=\"https:\/\/public-vision.tv\/en\/neno-belan\/\" \/>\n<meta property=\"og:locale\" content=\"en_US\" \/>\n<meta property=\"og:type\" content=\"article\" \/>\n<meta property=\"og:title\" content=\"Neno Belan Videoproduktion Referenz \u2013 Kochvideo in Kroatien\" \/>\n<meta property=\"og:description\" content=\"Videoproduktion mit Musiklegende Neno Belan beim Kochen an der Adria\u2011K\u00fcste. Kreatives Kochvideo mit stimmungsvollen Bildern von Kvarner.\" \/>\n<meta property=\"og:url\" content=\"https:\/\/public-vision.tv\/en\/neno-belan\/\" \/>\n<meta property=\"og:site_name\" content=\"public vision - Videoproduktion und Filmproduktion aus D\u00fcsseldorf\" \/>\n<meta property=\"article:publisher\" content=\"https:\/\/www.facebook.com\/publicvision.de\/\" \/>\n<meta property=\"article:modified_time\" content=\"2026-01-28T14:21:14+00:00\" \/>\n<meta property=\"og:image\" content=\"https:\/\/public-vision.tv\/wp-content\/uploads\/2024\/05\/DSC03351.jpg\" \/>\n\t<meta property=\"og:image:width\" content=\"2048\" \/>\n\t<meta property=\"og:image:height\" content=\"1368\" \/>\n\t<meta property=\"og:image:type\" content=\"image\/jpeg\" \/>\n<meta name=\"twitter:card\" content=\"summary_large_image\" \/>\n<meta name=\"twitter:label1\" content=\"Est. reading time\" \/>\n\t<meta name=\"twitter:data1\" content=\"2 minutes\" \/>\n<script type=\"application\/ld+json\" class=\"yoast-schema-graph\">{\"@context\":\"https:\\\/\\\/schema.org\",\"@graph\":[{\"@type\":\"WebPage\",\"@id\":\"https:\\\/\\\/public-vision.tv\\\/neno-belan\\\/\",\"url\":\"https:\\\/\\\/public-vision.tv\\\/neno-belan\\\/\",\"name\":\"Neno Belan Videoproduktion Referenz \u2013 Kochvideo in Kroatien\",\"isPartOf\":{\"@id\":\"https:\\\/\\\/public-vision.tv\\\/#website\"},\"primaryImageOfPage\":{\"@id\":\"https:\\\/\\\/public-vision.tv\\\/neno-belan\\\/#primaryimage\"},\"image\":{\"@id\":\"https:\\\/\\\/public-vision.tv\\\/neno-belan\\\/#primaryimage\"},\"thumbnailUrl\":\"https:\\\/\\\/public-vision.tv\\\/wp-content\\\/uploads\\\/2024\\\/05\\\/DSC03351-1024x684.jpg\",\"datePublished\":\"2024-05-23T12:49:29+00:00\",\"dateModified\":\"2026-01-28T14:21:14+00:00\",\"description\":\"Videoproduktion mit Musiklegende Neno Belan beim Kochen an der Adria\u2011K\u00fcste. Kreatives Kochvideo mit stimmungsvollen Bildern von Kvarner.\",\"breadcrumb\":{\"@id\":\"https:\\\/\\\/public-vision.tv\\\/neno-belan\\\/#breadcrumb\"},\"inLanguage\":\"en-US\",\"potentialAction\":[{\"@type\":\"ReadAction\",\"target\":[\"https:\\\/\\\/public-vision.tv\\\/neno-belan\\\/\"]}]},{\"@type\":\"ImageObject\",\"inLanguage\":\"en-US\",\"@id\":\"https:\\\/\\\/public-vision.tv\\\/neno-belan\\\/#primaryimage\",\"url\":\"https:\\\/\\\/public-vision.tv\\\/wp-content\\\/uploads\\\/2024\\\/05\\\/DSC03351-1024x684.jpg\",\"contentUrl\":\"https:\\\/\\\/public-vision.tv\\\/wp-content\\\/uploads\\\/2024\\\/05\\\/DSC03351-1024x684.jpg\"},{\"@type\":\"BreadcrumbList\",\"@id\":\"https:\\\/\\\/public-vision.tv\\\/neno-belan\\\/#breadcrumb\",\"itemListElement\":[{\"@type\":\"ListItem\",\"position\":1,\"name\":\"Startseite\",\"item\":\"https:\\\/\\\/public-vision.tv\\\/\"},{\"@type\":\"ListItem\",\"position\":2,\"name\":\"Neno Belan\"}]},{\"@type\":\"WebSite\",\"@id\":\"https:\\\/\\\/public-vision.tv\\\/#website\",\"url\":\"https:\\\/\\\/public-vision.tv\\\/\",\"name\":\"public vision - Videoproduktion und Filmproduktion aus D\u00fcsseldorf\",\"description\":\"public vision GmbH ist eine Film- und Videoproduktionsfirma aus D\u00fcsseldorf mit \u00fcber 20 Jahren Erfahrung. Von TV-Produktionen, Werbungen, Livestreams bis hin zu Social Media-Kampagnen setzen wir Ihre Projekte kreativ und zielgerecht um.\",\"publisher\":{\"@id\":\"https:\\\/\\\/public-vision.tv\\\/#organization\"},\"potentialAction\":[{\"@type\":\"SearchAction\",\"target\":{\"@type\":\"EntryPoint\",\"urlTemplate\":\"https:\\\/\\\/public-vision.tv\\\/?s={search_term_string}\"},\"query-input\":{\"@type\":\"PropertyValueSpecification\",\"valueRequired\":true,\"valueName\":\"search_term_string\"}}],\"inLanguage\":\"en-US\"},{\"@type\":\"Organization\",\"@id\":\"https:\\\/\\\/public-vision.tv\\\/#organization\",\"name\":\"public vision - Videoproduktion und Filmproduktion aus D\u00fcsseldorf\",\"url\":\"https:\\\/\\\/public-vision.tv\\\/\",\"logo\":{\"@type\":\"ImageObject\",\"inLanguage\":\"en-US\",\"@id\":\"https:\\\/\\\/public-vision.tv\\\/#\\\/schema\\\/logo\\\/image\\\/\",\"url\":\"https:\\\/\\\/public-vision.tv\\\/wp-content\\\/uploads\\\/2023\\\/03\\\/cropped-cropped-PV_Logo_2048x1152.png\",\"contentUrl\":\"https:\\\/\\\/public-vision.tv\\\/wp-content\\\/uploads\\\/2023\\\/03\\\/cropped-cropped-PV_Logo_2048x1152.png\",\"width\":2047,\"height\":683,\"caption\":\"public vision - Videoproduktion und Filmproduktion aus D\u00fcsseldorf\"},\"image\":{\"@id\":\"https:\\\/\\\/public-vision.tv\\\/#\\\/schema\\\/logo\\\/image\\\/\"},\"sameAs\":[\"https:\\\/\\\/www.facebook.com\\\/publicvision.de\\\/\",\"https:\\\/\\\/www.youtube.com\\\/user\\\/publicvisiontv\",\"https:\\\/\\\/www.instagram.com\\\/public_vision\\\/?hl=de\",\"https:\\\/\\\/www.tiktok.com\\\/@public_vision_gmbh\"]}]}<\/script>\n<!-- \/ Yoast SEO plugin. -->","yoast_head_json":{"title":"Neno Belan Videoproduktion Referenz \u2013 Kochvideo in Kroatien","description":"Videoproduktion mit Musiklegende Neno Belan beim Kochen an der Adria\u2011K\u00fcste. Kreatives Kochvideo mit stimmungsvollen Bildern von Kvarner.","robots":{"index":"index","follow":"follow","max-snippet":"max-snippet:-1","max-image-preview":"max-image-preview:large","max-video-preview":"max-video-preview:-1"},"canonical":"https:\/\/public-vision.tv\/en\/neno-belan\/","og_locale":"en_US","og_type":"article","og_title":"Neno Belan Videoproduktion Referenz \u2013 Kochvideo in Kroatien","og_description":"Videoproduktion mit Musiklegende Neno Belan beim Kochen an der Adria\u2011K\u00fcste. Kreatives Kochvideo mit stimmungsvollen Bildern von Kvarner.","og_url":"https:\/\/public-vision.tv\/en\/neno-belan\/","og_site_name":"public vision - Videoproduktion und Filmproduktion aus D\u00fcsseldorf","article_publisher":"https:\/\/www.facebook.com\/publicvision.de\/","article_modified_time":"2026-01-28T14:21:14+00:00","og_image":[{"width":2048,"height":1368,"url":"https:\/\/public-vision.tv\/wp-content\/uploads\/2024\/05\/DSC03351.jpg","type":"image\/jpeg"}],"twitter_card":"summary_large_image","twitter_misc":{"Est. reading time":"2 minutes"},"schema":{"@context":"https:\/\/schema.org","@graph":[{"@type":"WebPage","@id":"https:\/\/public-vision.tv\/neno-belan\/","url":"https:\/\/public-vision.tv\/neno-belan\/","name":"Neno Belan Videoproduktion Referenz \u2013 Kochvideo in Kroatien","isPartOf":{"@id":"https:\/\/public-vision.tv\/#website"},"primaryImageOfPage":{"@id":"https:\/\/public-vision.tv\/neno-belan\/#primaryimage"},"image":{"@id":"https:\/\/public-vision.tv\/neno-belan\/#primaryimage"},"thumbnailUrl":"https:\/\/public-vision.tv\/wp-content\/uploads\/2024\/05\/DSC03351-1024x684.jpg","datePublished":"2024-05-23T12:49:29+00:00","dateModified":"2026-01-28T14:21:14+00:00","description":"Videoproduktion mit Musiklegende Neno Belan beim Kochen an der Adria\u2011K\u00fcste. Kreatives Kochvideo mit stimmungsvollen Bildern von Kvarner.","breadcrumb":{"@id":"https:\/\/public-vision.tv\/neno-belan\/#breadcrumb"},"inLanguage":"en-US","potentialAction":[{"@type":"ReadAction","target":["https:\/\/public-vision.tv\/neno-belan\/"]}]},{"@type":"ImageObject","inLanguage":"en-US","@id":"https:\/\/public-vision.tv\/neno-belan\/#primaryimage","url":"https:\/\/public-vision.tv\/wp-content\/uploads\/2024\/05\/DSC03351-1024x684.jpg","contentUrl":"https:\/\/public-vision.tv\/wp-content\/uploads\/2024\/05\/DSC03351-1024x684.jpg"},{"@type":"BreadcrumbList","@id":"https:\/\/public-vision.tv\/neno-belan\/#breadcrumb","itemListElement":[{"@type":"ListItem","position":1,"name":"Startseite","item":"https:\/\/public-vision.tv\/"},{"@type":"ListItem","position":2,"name":"Neno Belan"}]},{"@type":"WebSite","@id":"https:\/\/public-vision.tv\/#website","url":"https:\/\/public-vision.tv\/","name":"public vision - Videoproduktion und Filmproduktion aus D\u00fcsseldorf","description":"public vision GmbH ist eine Film- und Videoproduktionsfirma aus D\u00fcsseldorf mit \u00fcber 20 Jahren Erfahrung. Von TV-Produktionen, Werbungen, Livestreams bis hin zu Social Media-Kampagnen setzen wir Ihre Projekte kreativ und zielgerecht um.","publisher":{"@id":"https:\/\/public-vision.tv\/#organization"},"potentialAction":[{"@type":"SearchAction","target":{"@type":"EntryPoint","urlTemplate":"https:\/\/public-vision.tv\/?s={search_term_string}"},"query-input":{"@type":"PropertyValueSpecification","valueRequired":true,"valueName":"search_term_string"}}],"inLanguage":"en-US"},{"@type":"Organization","@id":"https:\/\/public-vision.tv\/#organization","name":"public vision - Videoproduktion und Filmproduktion aus D\u00fcsseldorf","url":"https:\/\/public-vision.tv\/","logo":{"@type":"ImageObject","inLanguage":"en-US","@id":"https:\/\/public-vision.tv\/#\/schema\/logo\/image\/","url":"https:\/\/public-vision.tv\/wp-content\/uploads\/2023\/03\/cropped-cropped-PV_Logo_2048x1152.png","contentUrl":"https:\/\/public-vision.tv\/wp-content\/uploads\/2023\/03\/cropped-cropped-PV_Logo_2048x1152.png","width":2047,"height":683,"caption":"public vision - Videoproduktion und Filmproduktion aus D\u00fcsseldorf"},"image":{"@id":"https:\/\/public-vision.tv\/#\/schema\/logo\/image\/"},"sameAs":["https:\/\/www.facebook.com\/publicvision.de\/","https:\/\/www.youtube.com\/user\/publicvisiontv","https:\/\/www.instagram.com\/public_vision\/?hl=de","https:\/\/www.tiktok.com\/@public_vision_gmbh"]}]}},"_links":{"self":[{"href":"https:\/\/public-vision.tv\/en\/wp-json\/wp\/v2\/pages\/3460","targetHints":{"allow":["GET"]}}],"collection":[{"href":"https:\/\/public-vision.tv\/en\/wp-json\/wp\/v2\/pages"}],"about":[{"href":"https:\/\/public-vision.tv\/en\/wp-json\/wp\/v2\/types\/page"}],"author":[{"embeddable":true,"href":"https:\/\/public-vision.tv\/en\/wp-json\/wp\/v2\/users\/3"}],"replies":[{"embeddable":true,"href":"https:\/\/public-vision.tv\/en\/wp-json\/wp\/v2\/comments?post=3460"}],"version-history":[{"count":1,"href":"https:\/\/public-vision.tv\/en\/wp-json\/wp\/v2\/pages\/3460\/revisions"}],"predecessor-version":[{"id":4172,"href":"https:\/\/public-vision.tv\/en\/wp-json\/wp\/v2\/pages\/3460\/revisions\/4172"}],"wp:attachment":[{"href":"https:\/\/public-vision.tv\/en\/wp-json\/wp\/v2\/media?parent=3460"}],"curies":[{"name":"wp","href":"https:\/\/api.w.org\/{rel}","templated":true}]}}