{"id":3626,"date":"2024-06-04T11:27:18","date_gmt":"2024-06-04T09:27:18","guid":{"rendered":"https:\/\/public-vision.tv\/?page_id=3626"},"modified":"2026-01-28T15:31:22","modified_gmt":"2026-01-28T14:31:22","slug":"landtag","status":"publish","type":"page","link":"https:\/\/public-vision.tv\/en\/landtag\/","title":{"rendered":"Landtag"},"content":{"rendered":"<h1 class=\"wp-block-heading has-text-align-center alignwide has-white-color has-text-color has-background-color has-system-font-font-family has-x-large-font-size\" style=\"margin-top:var(--wp--preset--spacing--50);margin-right:var(--wp--preset--spacing--50);margin-bottom:var(--wp--preset--spacing--50);margin-left:var(--wp--preset--spacing--50);padding-top:0;padding-right:0;padding-bottom:0;padding-left:0;font-style:normal;font-weight:700;letter-spacing:10px;line-height:1.5;text-transform:capitalize\">LANDTAG NORDRHEIN-WESTFALEN<\/h1>\n\n\n\n<div class=\"wp-block-essential-blocks-advanced-video alignwide\"><div class=\"eb-parent-wrapper eb-parent-eb-advanced-video-1h7gf\"><div class=\"eb-advanced-video-wrapper eb-advanced-video-1h7gf none\" data-id=\"eb-advanced-video-1h7gf\"><div class=\"eb-player-wrapper eb-advanced-video-1h7gf\"><div class=\"eb-player-option none right\" data-id=\"eb-advanced-video-1h7gf\" data-url=\"https:\/\/vimeo.com\/953480703\/23f156cb8e?share=copy\" data-option=\"none\" data-controls=\"false\" data-loop=\"false\" data-muted=\"false\" data-playing=\"false\" data-overlay=\"true\" data-light=\"https:\/\/public-vision.tv\/wp-content\/uploads\/2023\/12\/BesucherfilmMitMarkierungen_4k.00_09_00_12.Still004.jpg\" data-customplayicontype=\"image\" data-customplayiconlib=\"fas fa-play-circle\" data-customplayicon=\"false\" data-download=\"false\"><\/div><\/div><\/div><\/div><\/div>\n\n\n\n<hr class=\"wp-block-separator has-alpha-channel-opacity\"\/>\n\n\n\n<h2 class=\"wp-block-heading has-text-align-left has-large-font-size\" style=\"text-transform:none\"><strong>F\u00fcr den Landtag NRW haben wir den Besucherfilm f\u00fcr die 240\u00b0 Leinwand des Landtagsbesucherzentrums produziert und damit Neuland betreten.<\/strong><\/h2>\n\n\n\n<div style=\"height:5px\" aria-hidden=\"true\" class=\"wp-block-spacer\"><\/div>\n\n\n\n<figure class=\"wp-block-image size-full\"><img loading=\"lazy\" decoding=\"async\" width=\"1000\" height=\"361\" src=\"https:\/\/public-vision.tv\/wp-content\/uploads\/2024\/06\/QJMM3221.jpg\" alt=\"\" class=\"wp-image-3628\" srcset=\"https:\/\/public-vision.tv\/wp-content\/uploads\/2024\/06\/QJMM3221.jpg 1000w, https:\/\/public-vision.tv\/wp-content\/uploads\/2024\/06\/QJMM3221-300x108.jpg 300w, https:\/\/public-vision.tv\/wp-content\/uploads\/2024\/06\/QJMM3221-768x277.jpg 768w, https:\/\/public-vision.tv\/wp-content\/uploads\/2024\/06\/QJMM3221-18x6.jpg 18w\" sizes=\"auto, (max-width: 1000px) 100vw, 1000px\" \/><\/figure>\n\n\n\n<p class=\"has-background-color has-text-color has-link-color wp-elements-9cfe4b3c4d2c9ddfa9ac7309b3066fa6\">Die Leinwand existierte zwar bereits seit 2015, war aber noch nie ihren M\u00f6glichkeiten nach bespielt worden. Der bis dato existierende Film war vor allem eine Grafik, in der drei Filmfenster zu sehen waren. Somit bot sich die Herausforderung die Leinwand mit einer L\u00e4nge von 28 Metern und einer H\u00f6he von 5 Metern mit einem Bild zu f\u00fcllen. Die Tonproduktion f\u00fcr den Film erfolgte wegen des avancierten Audiosystems des Besucherzentrums mit 48 Tonquellen als 3D Ton. Der Ton musste in zwei Tagen in vor Ort im Besucherzentrum angelegt werden. Unser Partner f\u00fcr die Tonproduktion bei diesem Gro\u00dfprojekt war die Firma DELTA Soundworks aus Sandhausen.<br><br>Der Film stellt kurz verschieden Menschen aus NRW vor, bevor er anf\u00e4ngt das politische System des Bundeslandes zu erkl\u00e4ren. Die Aufnahmen erfolgten NRW weit und nat\u00fcrlich zu gut 90% w\u00e4hrend verschiedener Plenarsitzungen im Landtag und der Wahl von Ministerpr\u00e4sident W\u00fcst und des Landtagspr\u00e4sidiums. Bei diesem Projekt stellte die Terminkoordination eine Herausforderung dar. Da man nie wissen konnte, ob es bei den bestimmten Sitzungstagen tats\u00e4chlich zu den ben\u00f6tigten Geschehnissen oder O-T\u00f6nen kam. Die Vorf\u00fchrung des Films vor den Entscheidungstr\u00e4gern der Landtagsverwaltung konnte immer nur im Besucherzentrum geschehen, da der Film nur dort technisch vorf\u00fchrbar war. F\u00fcr jede Vorf\u00fchrung musste das Besucherzentrum zwei Tage geschlossen werden um die Daten auf den Server des Technikraumes zu \u00fcbertragen. Von daher war eine besondere Sorgfalt bei der Auswahl der Politiker O-T\u00f6ne nach Inhalt und Parteienanteil zu beachten und vorab intensiv mit dem Auftraggeber abzustimmen.<br><br>Es war die M\u00fche wert. Der Film wurde bisher schon vor etwa 80.000 Zuschauern gezeigt und entfaltet hier im Besucherzentrum des Landtags NRW sein volles Potential.<\/p>\n\n\n\n<div style=\"height:5px\" aria-hidden=\"true\" class=\"wp-block-spacer\"><\/div>\n\n\n\n<figure class=\"wp-block-image size-full\"><img loading=\"lazy\" decoding=\"async\" width=\"1000\" height=\"750\" src=\"https:\/\/public-vision.tv\/wp-content\/uploads\/2024\/06\/IFJW9099.jpg\" alt=\"\" class=\"wp-image-3630\" srcset=\"https:\/\/public-vision.tv\/wp-content\/uploads\/2024\/06\/IFJW9099.jpg 1000w, https:\/\/public-vision.tv\/wp-content\/uploads\/2024\/06\/IFJW9099-300x225.jpg 300w, https:\/\/public-vision.tv\/wp-content\/uploads\/2024\/06\/IFJW9099-768x576.jpg 768w, https:\/\/public-vision.tv\/wp-content\/uploads\/2024\/06\/IFJW9099-16x12.jpg 16w\" sizes=\"auto, (max-width: 1000px) 100vw, 1000px\" \/><\/figure>\n\n\n\n<div class=\"wp-block-columns is-layout-flex wp-container-core-columns-is-layout-d0b3c9c8 wp-block-columns-is-layout-flex\">\n<div class=\"wp-block-column is-layout-flow wp-block-column-is-layout-flow\">\n<figure class=\"wp-block-image size-full\"><img loading=\"lazy\" decoding=\"async\" width=\"1000\" height=\"750\" src=\"https:\/\/public-vision.tv\/wp-content\/uploads\/2024\/06\/IMG_3049.jpg\" alt=\"\" class=\"wp-image-3631\" srcset=\"https:\/\/public-vision.tv\/wp-content\/uploads\/2024\/06\/IMG_3049.jpg 1000w, https:\/\/public-vision.tv\/wp-content\/uploads\/2024\/06\/IMG_3049-300x225.jpg 300w, https:\/\/public-vision.tv\/wp-content\/uploads\/2024\/06\/IMG_3049-768x576.jpg 768w, https:\/\/public-vision.tv\/wp-content\/uploads\/2024\/06\/IMG_3049-16x12.jpg 16w\" sizes=\"auto, (max-width: 1000px) 100vw, 1000px\" \/><\/figure>\n<\/div>\n\n\n\n<div class=\"wp-block-column is-layout-flow wp-block-column-is-layout-flow\">\n<figure class=\"wp-block-image size-full\"><img loading=\"lazy\" decoding=\"async\" width=\"768\" height=\"1024\" src=\"https:\/\/public-vision.tv\/wp-content\/uploads\/2024\/06\/HQTT1531.jpg\" alt=\"\" class=\"wp-image-3629\" srcset=\"https:\/\/public-vision.tv\/wp-content\/uploads\/2024\/06\/HQTT1531.jpg 768w, https:\/\/public-vision.tv\/wp-content\/uploads\/2024\/06\/HQTT1531-225x300.jpg 225w, https:\/\/public-vision.tv\/wp-content\/uploads\/2024\/06\/HQTT1531-9x12.jpg 9w\" sizes=\"auto, (max-width: 768px) 100vw, 768px\" \/><\/figure>\n<\/div>\n<\/div>","protected":false},"excerpt":{"rendered":"<p>LANDTAG NORDRHEIN-WESTFALEN F\u00fcr den Landtag NRW haben wir den Besucherfilm f\u00fcr die 240\u00b0 Leinwand des Landtagsbesucherzentrums produziert und damit Neuland betreten. Die Leinwand existierte zwar bereits seit 2015, war aber noch nie ihren M\u00f6glichkeiten nach bespielt worden. Der bis dato existierende Film war vor allem eine Grafik, in der drei Filmfenster zu sehen waren. Somit [&hellip;]<\/p>\n","protected":false},"author":3,"featured_media":0,"parent":0,"menu_order":0,"comment_status":"closed","ping_status":"closed","template":"page-large-header","meta":{"_eb_attr":"","footnotes":""},"class_list":["post-3626","page","type-page","status-publish","hentry"],"yoast_head":"<!-- This site is optimized with the Yoast SEO plugin v27.5 - https:\/\/yoast.com\/product\/yoast-seo-wordpress\/ -->\n<title>Landtag NRW Besucherfilm \u2013 Videoproduktion Referenz<\/title>\n<meta name=\"description\" content=\"Videoproduktion des Besucherfilms f\u00fcr den Landtag NRW \u2013 240\u00b0 Leinwand-Film im Besucherzentrum, realisiert von public vision.\" \/>\n<meta name=\"robots\" content=\"index, follow, max-snippet:-1, max-image-preview:large, max-video-preview:-1\" \/>\n<link rel=\"canonical\" href=\"https:\/\/public-vision.tv\/en\/landtag\/\" \/>\n<meta property=\"og:locale\" content=\"en_US\" \/>\n<meta property=\"og:type\" content=\"article\" \/>\n<meta property=\"og:title\" content=\"Landtag NRW Besucherfilm \u2013 Videoproduktion Referenz\" \/>\n<meta property=\"og:description\" content=\"Videoproduktion des Besucherfilms f\u00fcr den Landtag NRW \u2013 240\u00b0 Leinwand-Film im Besucherzentrum, realisiert von public vision.\" \/>\n<meta property=\"og:url\" content=\"https:\/\/public-vision.tv\/en\/landtag\/\" \/>\n<meta property=\"og:site_name\" content=\"public vision - Videoproduktion und Filmproduktion aus D\u00fcsseldorf\" \/>\n<meta property=\"article:publisher\" content=\"https:\/\/www.facebook.com\/publicvision.de\/\" \/>\n<meta property=\"article:modified_time\" content=\"2026-01-28T14:31:22+00:00\" \/>\n<meta property=\"og:image\" content=\"https:\/\/public-vision.tv\/wp-content\/uploads\/2024\/06\/QJMM3221.jpg\" \/>\n\t<meta property=\"og:image:width\" content=\"1000\" \/>\n\t<meta property=\"og:image:height\" content=\"361\" \/>\n\t<meta property=\"og:image:type\" content=\"image\/jpeg\" \/>\n<meta name=\"twitter:card\" content=\"summary_large_image\" \/>\n<meta name=\"twitter:label1\" content=\"Est. reading time\" \/>\n\t<meta name=\"twitter:data1\" content=\"3 minutes\" \/>\n<script type=\"application\/ld+json\" class=\"yoast-schema-graph\">{\"@context\":\"https:\\\/\\\/schema.org\",\"@graph\":[{\"@type\":\"WebPage\",\"@id\":\"https:\\\/\\\/public-vision.tv\\\/landtag\\\/\",\"url\":\"https:\\\/\\\/public-vision.tv\\\/landtag\\\/\",\"name\":\"Landtag NRW Besucherfilm \u2013 Videoproduktion Referenz\",\"isPartOf\":{\"@id\":\"https:\\\/\\\/public-vision.tv\\\/#website\"},\"primaryImageOfPage\":{\"@id\":\"https:\\\/\\\/public-vision.tv\\\/landtag\\\/#primaryimage\"},\"image\":{\"@id\":\"https:\\\/\\\/public-vision.tv\\\/landtag\\\/#primaryimage\"},\"thumbnailUrl\":\"https:\\\/\\\/public-vision.tv\\\/wp-content\\\/uploads\\\/2024\\\/06\\\/QJMM3221.jpg\",\"datePublished\":\"2024-06-04T09:27:18+00:00\",\"dateModified\":\"2026-01-28T14:31:22+00:00\",\"description\":\"Videoproduktion des Besucherfilms f\u00fcr den Landtag NRW \u2013 240\u00b0 Leinwand-Film im Besucherzentrum, realisiert von public vision.\",\"breadcrumb\":{\"@id\":\"https:\\\/\\\/public-vision.tv\\\/landtag\\\/#breadcrumb\"},\"inLanguage\":\"en-US\",\"potentialAction\":[{\"@type\":\"ReadAction\",\"target\":[\"https:\\\/\\\/public-vision.tv\\\/landtag\\\/\"]}]},{\"@type\":\"ImageObject\",\"inLanguage\":\"en-US\",\"@id\":\"https:\\\/\\\/public-vision.tv\\\/landtag\\\/#primaryimage\",\"url\":\"https:\\\/\\\/public-vision.tv\\\/wp-content\\\/uploads\\\/2024\\\/06\\\/QJMM3221.jpg\",\"contentUrl\":\"https:\\\/\\\/public-vision.tv\\\/wp-content\\\/uploads\\\/2024\\\/06\\\/QJMM3221.jpg\"},{\"@type\":\"BreadcrumbList\",\"@id\":\"https:\\\/\\\/public-vision.tv\\\/landtag\\\/#breadcrumb\",\"itemListElement\":[{\"@type\":\"ListItem\",\"position\":1,\"name\":\"Startseite\",\"item\":\"https:\\\/\\\/public-vision.tv\\\/\"},{\"@type\":\"ListItem\",\"position\":2,\"name\":\"Landtag\"}]},{\"@type\":\"WebSite\",\"@id\":\"https:\\\/\\\/public-vision.tv\\\/#website\",\"url\":\"https:\\\/\\\/public-vision.tv\\\/\",\"name\":\"public vision - Videoproduktion und Filmproduktion aus D\u00fcsseldorf\",\"description\":\"public vision GmbH ist eine Film- und Videoproduktionsfirma aus D\u00fcsseldorf mit \u00fcber 20 Jahren Erfahrung. Von TV-Produktionen, Werbungen, Livestreams bis hin zu Social Media-Kampagnen setzen wir Ihre Projekte kreativ und zielgerecht um.\",\"publisher\":{\"@id\":\"https:\\\/\\\/public-vision.tv\\\/#organization\"},\"potentialAction\":[{\"@type\":\"SearchAction\",\"target\":{\"@type\":\"EntryPoint\",\"urlTemplate\":\"https:\\\/\\\/public-vision.tv\\\/?s={search_term_string}\"},\"query-input\":{\"@type\":\"PropertyValueSpecification\",\"valueRequired\":true,\"valueName\":\"search_term_string\"}}],\"inLanguage\":\"en-US\"},{\"@type\":\"Organization\",\"@id\":\"https:\\\/\\\/public-vision.tv\\\/#organization\",\"name\":\"public vision - Videoproduktion und Filmproduktion aus D\u00fcsseldorf\",\"url\":\"https:\\\/\\\/public-vision.tv\\\/\",\"logo\":{\"@type\":\"ImageObject\",\"inLanguage\":\"en-US\",\"@id\":\"https:\\\/\\\/public-vision.tv\\\/#\\\/schema\\\/logo\\\/image\\\/\",\"url\":\"https:\\\/\\\/public-vision.tv\\\/wp-content\\\/uploads\\\/2023\\\/03\\\/cropped-cropped-PV_Logo_2048x1152.png\",\"contentUrl\":\"https:\\\/\\\/public-vision.tv\\\/wp-content\\\/uploads\\\/2023\\\/03\\\/cropped-cropped-PV_Logo_2048x1152.png\",\"width\":2047,\"height\":683,\"caption\":\"public vision - Videoproduktion und Filmproduktion aus D\u00fcsseldorf\"},\"image\":{\"@id\":\"https:\\\/\\\/public-vision.tv\\\/#\\\/schema\\\/logo\\\/image\\\/\"},\"sameAs\":[\"https:\\\/\\\/www.facebook.com\\\/publicvision.de\\\/\",\"https:\\\/\\\/www.youtube.com\\\/user\\\/publicvisiontv\",\"https:\\\/\\\/www.instagram.com\\\/public_vision\\\/?hl=de\",\"https:\\\/\\\/www.tiktok.com\\\/@public_vision_gmbh\"]}]}<\/script>\n<!-- \/ Yoast SEO plugin. -->","yoast_head_json":{"title":"Landtag NRW Besucherfilm \u2013 Videoproduktion Referenz","description":"Videoproduktion des Besucherfilms f\u00fcr den Landtag NRW \u2013 240\u00b0 Leinwand-Film im Besucherzentrum, realisiert von public vision.","robots":{"index":"index","follow":"follow","max-snippet":"max-snippet:-1","max-image-preview":"max-image-preview:large","max-video-preview":"max-video-preview:-1"},"canonical":"https:\/\/public-vision.tv\/en\/landtag\/","og_locale":"en_US","og_type":"article","og_title":"Landtag NRW Besucherfilm \u2013 Videoproduktion Referenz","og_description":"Videoproduktion des Besucherfilms f\u00fcr den Landtag NRW \u2013 240\u00b0 Leinwand-Film im Besucherzentrum, realisiert von public vision.","og_url":"https:\/\/public-vision.tv\/en\/landtag\/","og_site_name":"public vision - Videoproduktion und Filmproduktion aus D\u00fcsseldorf","article_publisher":"https:\/\/www.facebook.com\/publicvision.de\/","article_modified_time":"2026-01-28T14:31:22+00:00","og_image":[{"width":1000,"height":361,"url":"https:\/\/public-vision.tv\/wp-content\/uploads\/2024\/06\/QJMM3221.jpg","type":"image\/jpeg"}],"twitter_card":"summary_large_image","twitter_misc":{"Est. reading time":"3 minutes"},"schema":{"@context":"https:\/\/schema.org","@graph":[{"@type":"WebPage","@id":"https:\/\/public-vision.tv\/landtag\/","url":"https:\/\/public-vision.tv\/landtag\/","name":"Landtag NRW Besucherfilm \u2013 Videoproduktion Referenz","isPartOf":{"@id":"https:\/\/public-vision.tv\/#website"},"primaryImageOfPage":{"@id":"https:\/\/public-vision.tv\/landtag\/#primaryimage"},"image":{"@id":"https:\/\/public-vision.tv\/landtag\/#primaryimage"},"thumbnailUrl":"https:\/\/public-vision.tv\/wp-content\/uploads\/2024\/06\/QJMM3221.jpg","datePublished":"2024-06-04T09:27:18+00:00","dateModified":"2026-01-28T14:31:22+00:00","description":"Videoproduktion des Besucherfilms f\u00fcr den Landtag NRW \u2013 240\u00b0 Leinwand-Film im Besucherzentrum, realisiert von public vision.","breadcrumb":{"@id":"https:\/\/public-vision.tv\/landtag\/#breadcrumb"},"inLanguage":"en-US","potentialAction":[{"@type":"ReadAction","target":["https:\/\/public-vision.tv\/landtag\/"]}]},{"@type":"ImageObject","inLanguage":"en-US","@id":"https:\/\/public-vision.tv\/landtag\/#primaryimage","url":"https:\/\/public-vision.tv\/wp-content\/uploads\/2024\/06\/QJMM3221.jpg","contentUrl":"https:\/\/public-vision.tv\/wp-content\/uploads\/2024\/06\/QJMM3221.jpg"},{"@type":"BreadcrumbList","@id":"https:\/\/public-vision.tv\/landtag\/#breadcrumb","itemListElement":[{"@type":"ListItem","position":1,"name":"Startseite","item":"https:\/\/public-vision.tv\/"},{"@type":"ListItem","position":2,"name":"Landtag"}]},{"@type":"WebSite","@id":"https:\/\/public-vision.tv\/#website","url":"https:\/\/public-vision.tv\/","name":"public vision - Videoproduktion und Filmproduktion aus D\u00fcsseldorf","description":"public vision GmbH ist eine Film- und Videoproduktionsfirma aus D\u00fcsseldorf mit \u00fcber 20 Jahren Erfahrung. Von TV-Produktionen, Werbungen, Livestreams bis hin zu Social Media-Kampagnen setzen wir Ihre Projekte kreativ und zielgerecht um.","publisher":{"@id":"https:\/\/public-vision.tv\/#organization"},"potentialAction":[{"@type":"SearchAction","target":{"@type":"EntryPoint","urlTemplate":"https:\/\/public-vision.tv\/?s={search_term_string}"},"query-input":{"@type":"PropertyValueSpecification","valueRequired":true,"valueName":"search_term_string"}}],"inLanguage":"en-US"},{"@type":"Organization","@id":"https:\/\/public-vision.tv\/#organization","name":"public vision - Videoproduktion und Filmproduktion aus D\u00fcsseldorf","url":"https:\/\/public-vision.tv\/","logo":{"@type":"ImageObject","inLanguage":"en-US","@id":"https:\/\/public-vision.tv\/#\/schema\/logo\/image\/","url":"https:\/\/public-vision.tv\/wp-content\/uploads\/2023\/03\/cropped-cropped-PV_Logo_2048x1152.png","contentUrl":"https:\/\/public-vision.tv\/wp-content\/uploads\/2023\/03\/cropped-cropped-PV_Logo_2048x1152.png","width":2047,"height":683,"caption":"public vision - Videoproduktion und Filmproduktion aus D\u00fcsseldorf"},"image":{"@id":"https:\/\/public-vision.tv\/#\/schema\/logo\/image\/"},"sameAs":["https:\/\/www.facebook.com\/publicvision.de\/","https:\/\/www.youtube.com\/user\/publicvisiontv","https:\/\/www.instagram.com\/public_vision\/?hl=de","https:\/\/www.tiktok.com\/@public_vision_gmbh"]}]}},"_links":{"self":[{"href":"https:\/\/public-vision.tv\/en\/wp-json\/wp\/v2\/pages\/3626","targetHints":{"allow":["GET"]}}],"collection":[{"href":"https:\/\/public-vision.tv\/en\/wp-json\/wp\/v2\/pages"}],"about":[{"href":"https:\/\/public-vision.tv\/en\/wp-json\/wp\/v2\/types\/page"}],"author":[{"embeddable":true,"href":"https:\/\/public-vision.tv\/en\/wp-json\/wp\/v2\/users\/3"}],"replies":[{"embeddable":true,"href":"https:\/\/public-vision.tv\/en\/wp-json\/wp\/v2\/comments?post=3626"}],"version-history":[{"count":1,"href":"https:\/\/public-vision.tv\/en\/wp-json\/wp\/v2\/pages\/3626\/revisions"}],"predecessor-version":[{"id":4176,"href":"https:\/\/public-vision.tv\/en\/wp-json\/wp\/v2\/pages\/3626\/revisions\/4176"}],"wp:attachment":[{"href":"https:\/\/public-vision.tv\/en\/wp-json\/wp\/v2\/media?parent=3626"}],"curies":[{"name":"wp","href":"https:\/\/api.w.org\/{rel}","templated":true}]}}